{"id":634,"date":"2013-10-15T08:51:26","date_gmt":"2013-10-15T08:51:26","guid":{"rendered":"https:\/\/www.ablakkarter.hu\/karter-ablak-kft-altalanos-szerzodesi-feltetelek\/"},"modified":"2022-03-23T16:19:04","modified_gmt":"2022-03-23T16:19:04","slug":"karter-ablak-kft-altalanos-szerzodesi-feltetelek","status":"publish","type":"page","link":"https:\/\/www.ablakkarter.hu\/?page_id=634","title":{"rendered":"Karter Ablak Kft.  \u00c1ltal\u00e1nos Szerz\u0151d\u00e9si Felt\u00e9telek"},"content":{"rendered":"<p style=\"text-align: center;\"><img loading=\"lazy\" decoding=\"async\" class=\"  wp-image-611\" style=\"width: 345px; height: 313px;\" src=\"https:\/\/www.ablakkarter.hu\/wp-content\/uploads\/2013\/10\/ablakkarter.jpg\" alt=\"\" width=\"477\" height=\"433\" srcset=\"https:\/\/www.ablakkarter.hu\/wp-content\/uploads\/2013\/10\/ablakkarter.jpg 477w, https:\/\/www.ablakkarter.hu\/wp-content\/uploads\/2013\/10\/ablakkarter-300x272.jpg 300w\" sizes=\"auto, (max-width: 477px) 100vw, 477px\" \/><\/p>\n<ol>\n<li><strong><u>\u00c1ltal\u00e1nos kik\u00f6t\u00e9sek:<\/u><\/strong><\/li>\n<\/ol>\n<p style=\"margin-left: 18.0pt;\">Az al\u00e1bbi \u00fczleti felt\u00e9telek \u00e9rv\u00e9nyesek minden aj\u00e1nlatunkra, sz\u00e1ll\u00edt\u00e1sunkra \u00e9s szolg\u00e1ltat\u00e1sunkra.<\/p>\n<p style=\"margin-left: 18.0pt;\">B\u00e1rmilyen m\u00f3dos\u00edt\u00e1s, m\u00e9g akkor is, ha az a felek k\u00f6z\u00f6tt megbesz\u00e9l\u00e9sre ker\u00fclt, csak \u00edr\u00e1sban \u00e9rv\u00e9nyes ugyanolyan formai kell\u00e9kekkel, mint a szerz\u0151d\u00e9s maga.<\/p>\n<p style=\"margin-left: 18.0pt;\">\n<ol>\n<li value=\"2\"><strong><u>Szerz\u0151d\u00e9s:<\/u><\/strong><\/li>\n<\/ol>\n<p style=\"margin-left: 18.0pt;\">Megrendel\u00e9snek, meg\u00e1llapod\u00e1snak csak a vev\u0151 \u00e9s a sz\u00e1ll\u00edt\u00f3 \u00e1ltal al\u00e1\u00edrt, d\u00e1tummal ell\u00e1tott megrendel\u00e9s visszaigazol\u00e1s tekinthet\u0151. Sz\u00f3beli megrendel\u00e9sre \u00e9s megrendel\u00e9s m\u00f3dos\u00edt\u00e1sra nincs lehet\u0151s\u00e9g. \u00cdr\u00e1sos m\u00f3dos\u00edt\u00e1st a v\u00e1llalt hat\u00e1rid\u0151 lej\u00e1rta el\u0151tt maximum 4 h\u00e9ttel fogadunk el, a v\u00e1ltoztat\u00e1s m\u0171szaki \u00e9s p\u00e9nz\u00fcgyi vonatkoz\u00e1sainak tiszt\u00e1z\u00e1s\u00e1val, al\u00e1\u00edr\u00e1s\u00e1val, ez azonban maga ut\u00e1n vonhatja a sz\u00e1ll\u00edt\u00e1si hat\u00e1rid\u0151 v\u00e1ltoz\u00e1s\u00e1t.<\/p>\n<ol>\n<li value=\"3\"><strong><u>\u00c1rak:<\/u><\/strong><\/li>\n<\/ol>\n<p>Telephelyi \u00e1rak, a megadott m\u0171szaki tartalommal, a helysz\u00ednre sz\u00e1ll\u00edt\u00e1s d\u00edja n\u00e9lk\u00fcl \u00e9rtend\u0151k. Nem tartalmazz\u00e1k a be\u00e9p\u00edt\u00e9shez sz\u00fcks\u00e9ges seg\u00e9danyagok, a be\u00e9p\u00edt\u00e9s, a p\u00e1rk\u00e1nyok \u00e9s a h\u00e9zagtakar\u00e1si munk\u00e1k stb. k\u00f6lts\u00e9geit.<\/p>\n<ol>\n<li value=\"4\"><strong><u>Fizet\u00e9si felt\u00e9telek:<\/u><\/strong><\/li>\n<\/ol>\n<p>A megrendel\u00e9skor a brutt\u00f3 \u00e1r 50%-\u00e1t sz\u00fcks\u00e9ges foglal\u00f3k\u00e9nt befizetni, a sz\u00e1mla v\u00e9g\u00f6sszege az elsz\u00e1ll\u00edt\u00e1s el\u0151tt, illetve az \u00e1ru \u00e1tv\u00e9telekor esed\u00e9kes. A gy\u00e1rt\u00e1s ind\u00edt\u00e1sa \u00e9s a k\u00e9szterm\u00e9k sz\u00e1ll\u00edt\u00e1s\u00e1nak felt\u00e9tele a foglal\u00f3 befizet\u00e9se, illetve a v\u00e9gsz\u00e1mla kiegyenl\u00edt\u00e9se. Amennyiben a foglal\u00f3 befizet\u00e9se, ill. \u00e1tutal\u00e1sa k\u00e9sik, \u00fagy a szerz\u0151d\u00e9sben v\u00e1llalt sz\u00e1ll\u00edt\u00e1si hat\u00e1rid\u0151 a k\u00e9sedelmes napok sz\u00e1m\u00e1val meghosszabbodhat.<\/p>\n<ol>\n<li value=\"5\"><strong><u>Fizet\u00e9si m\u00f3d:<\/u><\/strong><\/li>\n<\/ol>\n<p>K\u00e9szp\u00e9nzzel a p\u00e9nzt\u00e1rban, csekkel vagy banki \u00e1tutal\u00e1ssal. Csekk \u00e9s utal\u00e1s eset\u00e9n a p\u00e9nz\u00fcgyi teljes\u00edt\u00e9s t\u00e9ny\u00e9nek hiteles igazol\u00e1sa sz\u00fcks\u00e9ges. A v\u00e9tel\u00e1r teljes kiegyenl\u00edt\u00e9s\u00e9ig a Sz\u00e1ll\u00edt\u00f3 a lesz\u00e1ll\u00edtott term\u00e9kekre a tulajdonjog\u00e1t fenntartja.<\/p>\n<ol>\n<li value=\"6\"><strong>\u00a0<u>K\u00e9sedelmi kamat:<\/u><\/strong><\/li>\n<\/ol>\n<p style=\"margin-left: 18.0pt;\">Amennyiben a vev\u0151 k\u00e9sedelmes p\u00e9nz\u00fcgyi teljes\u00edt\u00e9sbe esik, \u00fagy a Sz\u00e1ll\u00edt\u00f3 a mindenkori jegybanki alapkamat k\u00e9tszeres\u00e9t sz\u00e1m\u00edtja fel.<\/p>\n<p>\u00a0\u00a0\u00a0\u00a0\u00a0 <strong>7. \u00a0 <u>Sz\u00e1ll\u00edt\u00e1si (gy\u00e1rt\u00e1si) hat\u00e1rid\u0151:<\/u><\/strong><\/p>\n<p>Sz\u00e1ll\u00edt\u00e1si hat\u00e1rid\u0151 ut\u00e1n egy h\u00e9ten bel\u00fcl t\u00f6rt\u00e9n\u0151 sz\u00e1ll\u00edt\u00e1s m\u00e9g id\u0151ben t\u00f6rt\u00e9n\u0151 teljes\u00edt\u00e9s\u00e9nek min\u0151s\u00fcl. Az \u00e1ru k\u00e9szre jelent\u00e9se szerz\u0151d\u00e9steljes\u00edt\u00e9snek min\u0151s\u00fcl. Vis major, k\u00f6zleked\u00e9si- \u00e9s \u00fczemzavarok, munkabesz\u00fcntet\u00e9s, nyersanyagban \u00e9s hasonl\u00f3kban felmer\u00fcl\u0151 hi\u00e1ny eset\u00e9ben a sz\u00e1ll\u00edt\u00e1si hat\u00e1rid\u0151 a fentiek k\u00f6vetkezt\u00e9ben kiesett id\u0151tartamnak megfelel\u0151 teljes\u00edt\u00e9si id\u0151 meghosszabb\u00edt\u00e1s\u00e1hoz vezetnek. Sz\u00e1ll\u00edt\u00f3 csak akkor esik teljes\u00edt\u00e9si k\u00e9sedelembe, ha egy tov\u00e1bbi, a vev\u0151 \u00e1ltal \u00edr\u00e1sban adott, legal\u00e1bb 14 napos p\u00f3that\u00e1rid\u0151 eredm\u00e9nytelen\u00fcl lej\u00e1rt \u00e9s a k\u00e9sedelem\u00e9rt a Sz\u00e1ll\u00edt\u00f3 a felel\u0151s. Amennyiben egy esetleges sz\u00e1ll\u00edt\u00e1si k\u00e9sedelem felmer\u00fcl, a Sz\u00e1ll\u00edt\u00f3 \u00e9vi 20% k\u00f6tb\u00e9rt tartozik megfizetni a Vev\u0151 r\u00e9sz\u00e9re. Az elad\u00f3 fenntartja mag\u00e1nak az el\u0151sz\u00e1ll\u00edt\u00e1s \u00e9s a r\u00e9szsz\u00e1ll\u00edt\u00e1s jog\u00e1t.<\/p>\n<ol>\n<li value=\"8\"><strong><u>Teljes\u00edt\u00e9s:<\/u><\/strong><\/li>\n<\/ol>\n<p>K\u00e9szre jelent\u00e9s \u00e9s a v\u00e9gsz\u00e1mla rendez\u00e9se ut\u00e1n a Sz\u00e1ll\u00edt\u00f3 telephelye, a g\u00e9pj\u00e1rm\u0171re rakva. A sz\u00e1ll\u00edt\u00f3 lehet\u0151s\u00e9get biztos\u00edt a megrendelt term\u00e9k telephelyi \u2013fizet\u00e9st megel\u0151z\u0151- \u00e1tn\u00e9z\u00e9s\u00e9re. A term\u00e9k Vev\u0151, vagy meghatalmazottja r\u00e9sz\u00e9re t\u00f6rt\u00e9n\u0151 \u00e1tad\u00e1s\u00e1t k\u00f6vet\u0151en a Sz\u00e1ll\u00edt\u00f3 mennyis\u00e9gi \u00e9s min\u0151s\u00e9gi reklam\u00e1ci\u00f3t nem fogad el (kiv\u00e9ve a rejtett, \u00e1tv\u00e9telkor nem l\u00e1that\u00f3 hib\u00e1k eset\u00e9n).<\/p>\n<ol>\n<li value=\"9\"><strong><u>Sz\u00e1ll\u00edt\u00e1s:<\/u><\/strong><\/li>\n<\/ol>\n<p>A Sz\u00e1ll\u00edt\u00f3 \u00e9rtes\u00edt\u00e9s\u00e9t (k\u00e9szre jelent\u00e9s\u00e9t) k\u00f6vet\u0151en 1 h\u00e9ten bel\u00fcl a Vev\u0151 \u00e1ltal biztos\u00edtott g\u00e9pj\u00e1rm\u0171vel, ferde vagy f\u00fcgg\u0151leges helyzetben r\u00f6gz\u00edtve t\u00f6rt\u00e9nik. K\u00fcl\u00f6n k\u00e9r\u00e9sre a Sz\u00e1ll\u00edt\u00f3 el\u0151re egyeztetett d\u00edjaz\u00e1s \u00e9s elsz\u00e1mol\u00e1s mellett megszervezi a k\u00e9szterm\u00e9k k\u00e9rt helysz\u00ednre juttat\u00e1s\u00e1t.<\/p>\n<p>A vev\u0151 tudom\u00e1sul veszi, hogy a ki\u00e9rtes\u00edt\u00e9st\u0151l sz\u00e1m\u00edtott egy h\u00e9ten bel\u00fcl az \u00e1rut elsz\u00e1ll\u00edtja. Ha ez nem t\u00f6rt\u00e9nik meg, a Sz\u00e1ll\u00edt\u00f3 minden tov\u00e1bbi megkezdett h\u00e9t ut\u00e1n 500 Ft+ \u00c1FA t\u00e1rol\u00e1si d\u00edjat sz\u00e1mol fel term\u00e9kenk\u00e9nt.<\/p>\n<ol>\n<li value=\"10\"><strong><u>Csomagol\u00e1s:<\/u><\/strong><\/li>\n<\/ol>\n<p>A ny\u00edl\u00e1sz\u00e1r\u00f3 szerkezetek a term\u00e9kprofil v\u00e9d\u0151f\u00f3li\u00e1j\u00e1n k\u00edv\u00fcl m\u00e1s v\u00e9d\u0151csomagol\u00e1ssal nincsenek ell\u00e1tva. A kilincs, a vasalat- \u00e9s furattakar\u00f3 \u2013 m\u0171anyag elemek mint k\u00f6telez\u0151 tartoz\u00e9kok, k\u00fcl\u00f6n csomagolva ker\u00fclnek \u00e1tad\u00e1sra.<\/p>\n<ol>\n<li value=\"11\"><strong><u>Helysz\u00edni\u00a0 felm\u00e9r\u00e9s:<\/u><\/strong><\/li>\n<\/ol>\n<p>K\u00fcl\u00f6n k\u00e9r\u00e9sre, ha a be\u00e9p\u00edt\u00e9st, mint k\u00fcl\u00f6n szolg\u00e1ltat\u00e1st is megrendelik, a ny\u00edl\u00e1sz\u00e1r\u00f3k gy\u00e1rt\u00e1sa el\u0151tti pontos\u00edt\u00e1sa v\u00e9gett egyszeri d\u00edjmentes felm\u00e9r\u00e9st v\u00e9gez a Sz\u00e1ll\u00edt\u00f3. Egy\u00e9b esetekben felm\u00e9r\u00e9st nem v\u00e1llalunk. A felm\u00e9r\u00e9s n\u00e9lk\u00fcl\u00f6zhetetlen felt\u00e9tele a padl\u00f3szint feletti, 1,00 m-es szintvonal megl\u00e9te a k\u00fcls\u0151 teherhord\u00f3 falak bels\u0151 oldal\u00e1n vagy k\u00e1var\u00e9sz\u00e9n, f\u00fcggetlen\u00fcl att\u00f3l, hogy \u00faj be\u00e9p\u00edt\u00e9sr\u0151l vagy ny\u00edl\u00e1sz\u00e1r\u00f3 cser\u00e9r\u0151l van sz\u00f3. Amennyiben id\u0151k\u00f6zben a be\u00e9p\u00edt\u00e9s megrendel\u00e9s\u00e9t a Vev\u0151 visszavonja, \u00fagy a felm\u00e9r\u00e9skor meg\u00e1llap\u00edtott m\u00e9retek csak aj\u00e1nl\u00e1sk\u00e9nt \u00e9lnek tov\u00e1bb \u00e9s a felm\u00e9r\u00e9s d\u00edj\u00e1t a Vev\u0151 a Sz\u00e1ll\u00edt\u00f3 r\u00e9sz\u00e9re megfizeti. A felm\u00e9r\u00e9sr\u0151l jegyz\u0151k\u00f6nyv k\u00e9sz\u00fcl, az akkor tekinthet\u0151 hitelesnek, ha a Vev\u0151 annak minden oldal\u00e1t al\u00e1\u00edr\u00e1s\u00e1val j\u00f3v\u00e1hagyta.<\/p>\n<ol>\n<li value=\"12\"><strong><u>Be\u00e9p\u00edt\u00e9s:<\/u><\/strong><\/li>\n<\/ol>\n<p>K\u00fcl\u00f6n megegyez\u00e9s, al\u00e1\u00edrt megrendel\u00e9s visszaigazol\u00e1s alapj\u00e1n a Sz\u00e1ll\u00edt\u00f3 v\u00e1llalkozik az elk\u00e9sz\u00fclt ny\u00edl\u00e1sz\u00e1r\u00f3 szerkezetek helysz\u00edni be\u00e9p\u00edt\u00e9s\u00e9re is. A ny\u00edl\u00e1sz\u00e1r\u00f3k r\u00f6gz\u00edt\u00e9se a falaz\u00e1si munk\u00e1kat k\u00f6vet\u0151en, vakol\u00e1s el\u0151tt a szabadon hagyott falny\u00edl\u00e1sba ut\u00f3lag, szerelt jelleggel csavarral t\u00f6rt\u00e9nik, ny\u00edl\u00e1s kialak\u00edt\u00e1s, helysz\u00edni jav\u00edt\u00f3 jelleg\u0171 k\u0151m\u0171ves \u00e9s egy\u00e9b szakipari munk\u00e1k n\u00e9lk\u00fcl. A megrendel\u0151, vagy jegyz\u0151k\u00f6nyv al\u00e1\u00edr\u00e1s\u00e1ra jogosult szem\u00e9ly jelenl\u00e9te n\u00e9lk\u00fcl a be\u00e9p\u00edt\u00e9si munk\u00e1k nem kezdhet\u0151k el.<\/p>\n<ol>\n<li value=\"13\"><strong><u>Be\u00e9p\u00edt\u00e9s d\u00edja:<\/u><\/strong><\/li>\n<\/ol>\n<p>Tartalmazza a sz\u00e1ll\u00edt\u00e1si k\u00f6lts\u00e9get orsz\u00e1ghat\u00e1ron bel\u00fcl, a telep\u00fcl\u00e9s 20 km-es k\u00f6rzet\u00e9ben, valamint a be\u00e9p\u00edt\u00e9shez sz\u00fcks\u00e9ges seg\u00e9danyagokat: szerel\u0151vas, csavar, purhab, valamint a szerkezetek szakszer\u0171 r\u00f6gz\u00edt\u00e9s\u00e9t \u00e9s sz\u00fcks\u00e9g szerinti beszab\u00e1lyoz\u00e1s\u00e1t, a szerel\u00e9si h\u00e9zag t\u00f6m\u00edt\u00e9s\u00e9t, a kilincsek felrak\u00e1s\u00e1t \u00e9s a tartoz\u00e9kok \u00e1tad\u00e1s\u00e1t vagy k\u00e9r\u00e9sre felhelyez\u00e9s\u00e9t. A ny\u00edl\u00e1sz\u00e1r\u00f3 szerkezetek rendeltet\u00e9sszer\u0171 haszn\u00e1lat\u00e1hoz nem sz\u00fcks\u00e9ges p\u00e1rk\u00e1ny, a bels\u0151 k\u00f6ny\u00f6kl\u0151k \u00e9s a szerel\u00e9si h\u00e9zag letakar\u00e1sa m\u0171anyag takar\u00f3l\u00e9ccel. Ezek anyag \u00e9s munkak\u00f6lts\u00e9geit nem tartalmazza a be\u00e9p\u00edt\u00e9si d\u00edj. Csak akkor r\u00e9szei a munk\u00e1knak, ha erre a szerz\u0151d\u00e9s konkr\u00e9tan kit\u00e9r.<\/p>\n<ol>\n<li value=\"14\"><strong><u>\u00c1tad\u00e1s-\u00e1tv\u00e9tel:<\/u><\/strong><\/li>\n<\/ol>\n<p>A be\u00e9p\u00edt\u00e9s d\u00edja, \u00f6sszege a munka \u00e1tv\u00e9telekor egyenl\u00edtend\u0151 ki, egy a Vev\u0151 vagy az \u00e1ltala megb\u00edzott k\u00e9pvisel\u0151 al\u00e1\u00edr\u00e1s\u00e1val ell\u00e1tott be\u00e9p\u00edt\u00e9si munkalap ill. \u00e1tad\u00e1s \u2013 \u00e1tv\u00e9teli jegyz\u0151k\u00f6nyv k\u00eds\u00e9ret\u00e9ben. A felhatalmazott szem\u00e9ly\u00e9t a Vev\u0151nek \u00edr\u00e1sban kell k\u00f6z\u00f6lnie.<\/p>\n<ol>\n<li value=\"15\"><strong><u>Garancia:<\/u><\/strong><\/li>\n<\/ol>\n<p>A Sz\u00e1ll\u00edt\u00f3 minden \u00e1ltala gy\u00e1rtott, forgalmazott, szakszer\u0171en be\u00e9p\u00edtett szerkezetre 5 \u00e9v szavatoss\u00e1got, ezen bel\u00fcl az els\u0151 12 h\u00f3napra j\u00f3t\u00e1ll\u00e1st v\u00e1llal. A szakszer\u0171tlen be\u00e9p\u00edt\u00e9s \u00e9s karbantart\u00e1s, idegen eredet\u0171 jav\u00edt\u00e1s, beavatkoz\u00e1s, v\u00e1ltoztat\u00e1s eset\u00e9n a Sz\u00e1ll\u00edt\u00f3 mentes\u00fcl a szavatoss\u00e1g al\u00f3l. Min\u0151s\u00e9gi kifog\u00e1sait a Vev\u0151 minden esetben \u00edr\u00e1sban k\u00f6teles k\u00f6z\u00f6lni. Min\u0151s\u00e9gi kifog\u00e1s eset\u00e9n a Sz\u00e1ll\u00edt\u00f3 szakembert k\u00fcld a hiba elh\u00e1r\u00edt\u00e1s\u00e1ra. Jogtalan hibabejelent\u00e9s eset\u00e9n a Vev\u0151 k\u00f6teles a Sz\u00e1ll\u00edt\u00f3nak a kisz\u00e1ll\u00e1ssal kapcsolatos k\u00f6lts\u00e9geit megt\u00e9r\u00edteni.\u00a0\u00a0\u00a0\u00a0\u00a0\u00a0\u00a0\u00a0\u00a0\u00a0\u00a0\u00a0\u00a0\u00a0\u00a0\u00a0\u00a0\u00a0\u00a0\u00a0\u00a0\u00a0\u00a0\u00a0\u00a0\u00a0\u00a0\u00a0\u00a0\u00a0\u00a0\u00a0\u00a0\u00a0\u00a0\u00a0\u00a0\u00a0\u00a0\u00a0\u00a0\u00a0\u00a0\u00a0\u00a0\u00a0\u00a0\u00a0\u00a0\u00a0\u00a0\u00a0\u00a0\u00a0\u00a0\u00a0\u00a0\u00a0\u00a0\u00a0\u00a0\u00a0\u00a0\u00a0\u00a0\u00a0\u00a0\u00a0\u00a0\u00a0\u00a0\u00a0\u00a0\u00a0\u00a0\u00a0\u00a0\u00a0\u00a0\u00a0\u00a0 \u00a0\u00a0\u00a0\u00a0\u00a0\u00a0\u00a0\u00a0\u00a0\u00a0\u00a0\u00a0\u00a0\u00a0\u00a0\u00a0\u00a0\u00a0\u00a0\u00a0\u00a0\u00a0\u00a0\u00a0\u00a0\u00a0\u00a0\u00a0\u00a0\u00a0\u00a0\u00a0\u00a0\u00a0\u00a0\u00a0\u00a0\u00a0\u00a0\u00a0\u00a0\u00a0\u00a0\u00a0\u00a0\u00a0\u00a0\u00a0\u00a0\u00a0\u00a0\u00a0\u00a0\u00a0\u00a0\u00a0\u00a0\u00a0\u00a0\u00a0\u00a0\u00a0\u00a0\u00a0\u00a0\u00a0\u00a0\u00a0\u00a0\u00a0\u00a0\u00a0\u00a0\u00a0\u00a0\u00a0\u00a0\u00a0\u00a0\u00a0\u00a0\u00a0\u00a0\u00a0\u00a0\u00a0\u00a0\u00a0\u00a0\u00a0\u00a0\u00a0\u00a0\u00a0\u00a0\u00a0\u00a0\u00a0\u00a0\u00a0\u00a0\u00a0A fentiekben nem szab\u00e1lyozott k\u00e9rd\u00e9sekben a PTK idevonatkoz\u00f3 paragrafusai \u00e9rv\u00e9nyesek. A szerz\u0151d\u0151 felek elfogadj\u00e1k a Bajai V\u00e1rosi B\u00edr\u00f3s\u00e1g kiz\u00e1r\u00f3lagos illet\u00e9kess\u00e9g\u00e9t.<\/p>\n<p><strong><u>El\u00e9rhet\u0151s\u00e9geink:<\/u><\/strong><\/p>\n<p>P\u00e1ti Mikl\u00f3s\u00a0\u00a0\u00a0\u00a0\u00a0\u00a0\u00a0\u00a0\u00a0\u00a0\u00a0 \u00fcgyvezet\u0151 \u00a0\u00a0\u00a0\u00a0\u00a0\u00a0\u00a0\u00a0\u00a0\u00a0\u00a0\u00a0\u00a0\u00a0\u00a0\u00a0\u00a0\u00a0\u00a0\u00a0\u00a0\u00a0\u00a0\u00a0\u00a0\u00a0\u00a0\u00a0\u00a0\u00a0 +36 70\u00a0616 5096\u00a0\u00a0\u00a0\u00a0\u00a0\u00a0\u00a0\u00a0\u00a0\u00a0\u00a0\u00a0\u00a0\u00a0\u00a0\u00a0\u00a0\u00a0\u00a0 <a href=\"mailto:karterablak@t-online.hu\">karterablak@t-online.hu<\/a><\/p>\n<p><strong>Megrendel\u00e9sekkel, \u00e1raj\u00e1nlatokkal <\/strong><strong>sz\u00e1ll\u00edt\u00e1ssal kapcsolatos \u00fcgyek:<\/strong><\/p>\n<p>Kov\u00e1cs D\u00f3ra \u00a0\u00a0\u00a0\u00a0\u00a0\u00a0 \u00e9rt\u00e9kes\u00edt\u00e9si asszisztens\u00a0\u00a0\u00a0\u00a0\u00a0\u00a0\u00a0\u00a0 +3670 616 5093\u00a0\u00a0\u00a0\u00a0\u00a0\u00a0\u00a0\u00a0\u00a0\u00a0\u00a0\u00a0\u00a0\u00a0\u00a0\u00a0\u00a0\u00a0\u00a0\u00a0 <a href=\"mailto:karterablak@gmail.com\">karterablak@gmail.com<\/a><\/p>\n<p>Ded\u00e1k Brigitta \u00a0\u00a0\u00a0\u00a0 \u00e9rt\u00e9kes\u00edt\u00e9si asszisztens\u00a0\u00a0\u00a0\u00a0\u00a0\u00a0\u00a0\u00a0 +3670 413 1296\u00a0\u00a0\u00a0\u00a0\u00a0\u00a0\u00a0\u00a0\u00a0\u00a0\u00a0\u00a0\u00a0\u00a0\u00a0\u00a0\u00a0\u00a0\u00a0\u00a0 <a href=\"mailto:modor.andrea@rekordnyilaszaro.hu\">karterablak@kalocsakom.hu<\/a><\/p>\n<p>Mih\u00f3 P\u00e9ter \u00a0\u00a0\u00a0\u00a0\u00a0\u00a0\u00a0 szaktan\u00e1csad\u00f3\u00a0\u00a0\u00a0\u00a0 \u00a0 \u00a0\u00a0\u00a0\u00a0\u00a0\u00a0\u00a0\u00a0\u00a0\u00a0\u00a0\u00a0\u00a0\u00a0\u00a0 +3670 385 3306<\/p>\n<p>Levelez\u00e9si c\u00edm:\u00a0\u00a0\u00a0\u00a0\u00a0\u00a0\u00a0\u00a0\u00a0\u00a0\u00a0\u00a0\u00a0\u00a0\u00a0\u00a0\u00a0\u00a0\u00a0\u00a0\u00a0\u00a0\u00a0 6500, Baja Malom u.10.<\/p>\n<p>Sz\u00e1ml\u00e1z\u00e1si c\u00edm: \u00a0\u00a0\u00a0\u00a0\u00a0\u00a0\u00a0\u00a0\u00a0\u00a0\u00a0\u00a0\u00a0\u00a0\u00a0\u00a0\u00a0\u00a0\u00a0\u00a0 6500, Baja Malom u.10.<\/p>\n<p>Telefon:\u00a0\u00a0\u00a0\u00a0\u00a0\u00a0\u00a0\u00a0\u00a0\u00a0\u00a0\u00a0\u00a0\u00a0\u00a0\u00a0\u00a0\u00a0\u00a0\u00a0\u00a0\u00a0\u00a0\u00a0\u00a0\u00a0\u00a0\u00a0\u00a0\u00a0\u00a0\u00a0\u00a0\u00a0 +36 79 320\u00a0165<\/p>\n<p>Fax:\u00a0\u00a0\u00a0\u00a0\u00a0\u00a0\u00a0\u00a0\u00a0\u00a0\u00a0\u00a0\u00a0\u00a0\u00a0\u00a0\u00a0\u00a0\u00a0\u00a0\u00a0\u00a0\u00a0\u00a0\u00a0\u00a0\u00a0\u00a0\u00a0\u00a0\u00a0\u00a0\u00a0\u00a0\u00a0\u00a0\u00a0\u00a0\u00a0 +36 79 320\u00a0165<\/p>\n<p>E-mail:\u00a0\u00a0\u00a0\u00a0\u00a0\u00a0\u00a0\u00a0\u00a0\u00a0\u00a0\u00a0\u00a0\u00a0\u00a0\u00a0\u00a0\u00a0\u00a0\u00a0\u00a0\u00a0\u00a0\u00a0\u00a0\u00a0\u00a0\u00a0\u00a0\u00a0\u00a0\u00a0\u00a0\u00a0\u00a0\u00a0 <a href=\"mailto:karterablak@t-online.hu\">karterablak@t-online.hu<\/a><\/p>\n<p>Ny\u00edl\u00e1sz\u00e1r\u00f3 bemutat\u00f3termek:<\/p>\n<p>6500 Baja, D\u00e9ri Frigyes s\u00e9t\u00e1ny 11.<\/p>\n<p>6500 Baja, Szegedi \u00fat 61.<\/p>\n<p>6300 Kalocsa, Szent Istv\u00e1n kir\u00e1ly\u00a0 \u00fat 80.<\/p>\n<p>6200 Kisk\u0151r\u00f6s, Pet\u0151fi S\u00e1ndor \u00fat 24.<\/p>\n<p style=\"margin-left: 53.4pt;\">\n<p style=\"margin-left: 53.4pt;\">\n","protected":false},"excerpt":{"rendered":"<p style=\"text-align: center;\"><img loading=\"lazy\" decoding=\"async\" class=\" size-full wp-image-611\" alt=\"\" src=\"https:\/\/www.ablakkarter.hu\/wp-content\/uploads\/2013\/10\/ablakkarter.jpg\" style=\"width: 477px; height: 433px;\" width=\"477\" height=\"433\" srcset=\"https:\/\/www.ablakkarter.hu\/wp-content\/uploads\/2013\/10\/ablakkarter.jpg 477w, https:\/\/www.ablakkarter.hu\/wp-content\/uploads\/2013\/10\/ablakkarter-300x272.jpg 300w\" sizes=\"auto, (max-width: 477px) 100vw, 477px\" \/><\/p>\n<p>&nbsp;<\/p>\n<ol>\n<li><strong><u>\u00c1ltal\u00e1nos kik\u00f6t\u00e9sek:<\/u><\/strong><\/li>\n<\/ol>\n<p style=\"margin-left:18.0pt;\">Az al\u00e1bbi \u00fczleti felt\u00e9telek \u00e9rv\u00e9nyesek minden aj\u00e1nlatunkra, sz\u00e1ll\u00edt\u00e1sunkra \u00e9s szolg\u00e1ltat\u00e1sunkra.<\/p>\n<p style=\"margin-left:18.0pt;\">B\u00e1rmilyen m\u00f3dos\u00edt\u00e1s, m\u00e9g akkor is, ha az a felek k\u00f6z\u00f6tt megbesz\u00e9l\u00e9sre ker\u00fclt, csak \u00edr\u00e1sban \u00e9rv\u00e9nyes ugyanolyan formai kell\u00e9kekkel, mint a szerz\u0151d\u00e9s maga.<\/p>\n<p style=\"margin-left:18.0pt;\">&nbsp;<\/p>\n<ol>\n<li value=\"2\"><strong><u>Szerz\u0151d\u00e9s:<\/u><\/strong><\/li>\n<\/ol>\n<p style=\"margin-left:18.0pt;\">Megrendel\u00e9snek, meg\u00e1llapod\u00e1snak csak a vev\u0151 \u00e9s a sz\u00e1ll\u00edt\u00f3 \u00e1ltal al\u00e1\u00edrt, d\u00e1tummal ell\u00e1tott megrendel\u00e9s visszaigazol\u00e1s tekinthet\u0151. Sz\u00f3beli megrendel\u00e9sre \u00e9s megrendel\u00e9s m\u00f3dos\u00edt\u00e1sra nincs lehet\u0151s\u00e9g. \u00cdr\u00e1sos m\u00f3dos\u00edt\u00e1st a v\u00e1llalt hat\u00e1rid\u0151 lej\u00e1rta el\u0151tt maximum 4 h\u00e9ttel fogadunk el, a v\u00e1ltoztat\u00e1s m\u0171szaki \u00e9s p\u00e9nz\u00fcgyi vonatkoz\u00e1sainak tiszt\u00e1z\u00e1s\u00e1val, al\u00e1\u00edr\u00e1s\u00e1val, ez azonban maga ut\u00e1n vonhatja a sz\u00e1ll\u00edt\u00e1si hat\u00e1rid\u0151 v\u00e1ltoz\u00e1s\u00e1t.<\/p>\n<ol>\n<li value=\"3\"><strong><u>\u00c1rak:<\/u><\/strong><\/li>\n<\/ol>\n<p>Telephelyi \u00e1rak, a megadott m\u0171szaki tartalommal, a helysz\u00ednre sz\u00e1ll\u00edt\u00e1s d\u00edja n\u00e9lk\u00fcl \u00e9rtend\u0151k. Nem tartalmazz\u00e1k a be\u00e9p\u00edt\u00e9shez sz\u00fcks\u00e9ges seg\u00e9danyagok, a be\u00e9p\u00edt\u00e9s, a p\u00e1rk\u00e1nyok \u00e9s a h\u00e9zagtakar\u00e1si munk\u00e1k stb. k\u00f6lts\u00e9geit.<\/p>\n<ol>\n<li value=\"4\"><strong><u>Fizet\u00e9si felt\u00e9telek:<\/u><\/strong><\/li>\n<\/ol>\n<p>A megrendel\u00e9skor a brutt\u00f3 \u00e1r 50%-\u00e1t sz\u00fcks\u00e9ges foglal\u00f3k\u00e9nt befizetni, a sz\u00e1mla v\u00e9g\u00f6sszege az elsz\u00e1ll\u00edt\u00e1s el\u0151tt, illetve az \u00e1ru \u00e1tv\u00e9telekor esed\u00e9kes. A gy\u00e1rt\u00e1s ind\u00edt\u00e1sa \u00e9s a k\u00e9szterm\u00e9k sz\u00e1ll\u00edt\u00e1s\u00e1nak felt\u00e9tele a foglal\u00f3 befizet\u00e9se, illetve a v\u00e9gsz\u00e1mla kiegyenl\u00edt\u00e9se. Amennyiben a foglal\u00f3 befizet\u00e9se, ill. \u00e1tutal\u00e1sa k\u00e9sik, \u00fagy a szerz\u0151d\u00e9sben v\u00e1llalt sz\u00e1ll\u00edt\u00e1si hat\u00e1rid\u0151 a k\u00e9sedelmes napok sz\u00e1m\u00e1val meghosszabbodhat.<\/p>\n<ol>\n<li value=\"5\"><strong><u>Fizet\u00e9si m\u00f3d:<\/u><\/strong><\/li>\n<\/ol>\n<p>K\u00e9szp\u00e9nzzel a p\u00e9nzt\u00e1rban, csekkel vagy banki \u00e1tutal\u00e1ssal. Csekk \u00e9s utal\u00e1s eset\u00e9n a p\u00e9nz\u00fcgyi teljes\u00edt\u00e9s t\u00e9ny\u00e9nek hiteles igazol\u00e1sa sz\u00fcks\u00e9ges. A v\u00e9tel\u00e1r teljes kiegyenl\u00edt\u00e9s\u00e9ig a Sz\u00e1ll\u00edt\u00f3 a lesz\u00e1ll\u00edtott term\u00e9kekre a tulajdonjog\u00e1t fenntartja.<\/p>\n<ol>\n<li value=\"6\"><strong>&nbsp;<u>K\u00e9sedelmi kamat:<\/u><\/strong><\/li>\n<\/ol>\n<p style=\"margin-left:18.0pt;\">Amennyiben a vev\u0151 k\u00e9sedelmes p\u00e9nz\u00fcgyi teljes\u00edt\u00e9sbe esik, \u00fagy a Sz\u00e1ll\u00edt\u00f3 a mindenkori jegybanki alapkamat k\u00e9tszeres\u00e9t sz\u00e1m\u00edtja fel.<\/p>\n<p>&nbsp;&nbsp;&nbsp;&nbsp;&nbsp; <strong>7. &nbsp; <u>Sz\u00e1ll\u00edt\u00e1si (gy\u00e1rt\u00e1si) hat\u00e1rid\u0151:<\/u><\/strong><\/p>\n<p>Sz\u00e1ll\u00edt\u00e1si hat\u00e1rid\u0151 ut\u00e1n egy h\u00e9ten bel\u00fcl t\u00f6rt\u00e9n\u0151 sz\u00e1ll\u00edt\u00e1s m\u00e9g id\u0151ben t\u00f6rt\u00e9n\u0151 teljes\u00edt\u00e9s\u00e9nek min\u0151s\u00fcl. Az \u00e1ru k\u00e9szre jelent\u00e9se szerz\u0151d\u00e9steljes\u00edt\u00e9snek min\u0151s\u00fcl. Vis major, k\u00f6zleked\u00e9si- \u00e9s \u00fczemzavarok, munkabesz\u00fcntet\u00e9s, nyersanyagban \u00e9s hasonl\u00f3kban felmer\u00fcl\u0151 hi\u00e1ny eset\u00e9ben a sz\u00e1ll\u00edt\u00e1si hat\u00e1rid\u0151 a fentiek k\u00f6vetkezt\u00e9ben kiesett id\u0151tartamnak megfelel\u0151 teljes\u00edt\u00e9si id\u0151 meghosszabb\u00edt\u00e1s\u00e1hoz vezetnek. Sz\u00e1ll\u00edt\u00f3 csak akkor esik teljes\u00edt\u00e9si k\u00e9sedelembe, ha egy tov\u00e1bbi, a vev\u0151 \u00e1ltal \u00edr\u00e1sban adott, legal\u00e1bb 14 napos p\u00f3that\u00e1rid\u0151 eredm\u00e9nytelen\u00fcl lej\u00e1rt \u00e9s a k\u00e9sedelem\u00e9rt a Sz\u00e1ll\u00edt\u00f3 a felel\u0151s. Amennyiben egy esetleges sz\u00e1ll\u00edt\u00e1si k\u00e9sedelem felmer\u00fcl, a Sz\u00e1ll\u00edt\u00f3 \u00e9vi 20% k\u00f6tb\u00e9rt tartozik megfizetni a Vev\u0151 r\u00e9sz\u00e9re. Az elad\u00f3 fenntartja mag\u00e1nak az el\u0151sz\u00e1ll\u00edt\u00e1s \u00e9s a r\u00e9szsz\u00e1ll\u00edt\u00e1s jog\u00e1t.<\/p>\n<ol>\n<li value=\"8\"><strong><u>Teljes\u00edt\u00e9s:<\/u><\/strong><\/li>\n<\/ol>\n<p>K\u00e9szre jelent\u00e9s \u00e9s a v\u00e9gsz\u00e1mla rendez\u00e9se ut\u00e1n a Sz\u00e1ll\u00edt\u00f3 telephelye, a g\u00e9pj\u00e1rm\u0171re rakva. A sz\u00e1ll\u00edt\u00f3 lehet\u0151s\u00e9get biztos\u00edt a megrendelt term\u00e9k telephelyi &ndash;fizet\u00e9st megel\u0151z\u0151- \u00e1tn\u00e9z\u00e9s\u00e9re. A term\u00e9k Vev\u0151, vagy meghatalmazottja r\u00e9sz\u00e9re t\u00f6rt\u00e9n\u0151 \u00e1tad\u00e1s\u00e1t k\u00f6vet\u0151en a Sz\u00e1ll\u00edt\u00f3 mennyis\u00e9gi \u00e9s min\u0151s\u00e9gi reklam\u00e1ci\u00f3t nem fogad el (kiv\u00e9ve a rejtett, \u00e1tv\u00e9telkor nem l\u00e1that\u00f3 hib\u00e1k eset\u00e9n).<\/p>\n<p>&nbsp;<\/p>\n<ol>\n<li value=\"9\"><strong><u>Sz\u00e1ll\u00edt\u00e1s:<\/u><\/strong><\/li>\n<\/ol>\n<p>A Sz\u00e1ll\u00edt\u00f3 \u00e9rtes\u00edt\u00e9s\u00e9t (k\u00e9szre jelent\u00e9s\u00e9t) k\u00f6vet\u0151en 1 h\u00e9ten bel\u00fcl a Vev\u0151 \u00e1ltal biztos\u00edtott g\u00e9pj\u00e1rm\u0171vel, ferde vagy f\u00fcgg\u0151leges helyzetben r\u00f6gz\u00edtve t\u00f6rt\u00e9nik. K\u00fcl\u00f6n k\u00e9r\u00e9sre a Sz\u00e1ll\u00edt\u00f3 el\u0151re egyeztetett d\u00edjaz\u00e1s \u00e9s elsz\u00e1mol\u00e1s mellett megszervezi a k\u00e9szterm\u00e9k k\u00e9rt helysz\u00ednre juttat\u00e1s\u00e1t.<\/p>\n<p>A vev\u0151 tudom\u00e1sul veszi, hogy a ki\u00e9rtes\u00edt\u00e9st\u0151l sz\u00e1m\u00edtott egy h\u00e9ten bel\u00fcl az \u00e1rut elsz\u00e1ll\u00edtja. Ha ez nem t\u00f6rt\u00e9nik meg, a Sz\u00e1ll\u00edt\u00f3 minden tov\u00e1bbi megkezdett h\u00e9t ut\u00e1n 500 Ft+ \u00c1FA t\u00e1rol\u00e1si d\u00edjat sz\u00e1mol fel term\u00e9kenk\u00e9nt.<\/p>\n<ol>\n<li value=\"10\"><strong><u>Csomagol\u00e1s:<\/u><\/strong><\/li>\n<\/ol>\n<p>A ny\u00edl\u00e1sz\u00e1r\u00f3 szerkezetek a term\u00e9kprofil v\u00e9d\u0151f\u00f3li\u00e1j\u00e1n k\u00edv\u00fcl m\u00e1s v\u00e9d\u0151csomagol\u00e1ssal nincsenek ell\u00e1tva. A kilincs, a vasalat- \u00e9s furattakar\u00f3 &ndash; m\u0171anyag elemek mint k\u00f6telez\u0151 tartoz\u00e9kok, k\u00fcl\u00f6n csomagolva ker\u00fclnek \u00e1tad\u00e1sra.<\/p>\n<ol>\n<li value=\"11\"><strong><u>Helysz\u00edni&nbsp; felm\u00e9r\u00e9s:<\/u><\/strong><\/li>\n<\/ol>\n<p>K\u00fcl\u00f6n k\u00e9r\u00e9sre, ha a be\u00e9p\u00edt\u00e9st, mint k\u00fcl\u00f6n szolg\u00e1ltat\u00e1st is megrendelik, a ny\u00edl\u00e1sz\u00e1r\u00f3k gy\u00e1rt\u00e1sa el\u0151tti pontos\u00edt\u00e1sa v\u00e9gett egyszeri d\u00edjmentes felm\u00e9r\u00e9st v\u00e9gez a Sz\u00e1ll\u00edt\u00f3. Egy\u00e9b esetekben felm\u00e9r\u00e9st nem v\u00e1llalunk. A felm\u00e9r\u00e9s n\u00e9lk\u00fcl\u00f6zhetetlen felt\u00e9tele a padl\u00f3szint feletti, 1,00 m-es szintvonal megl\u00e9te a k\u00fcls\u0151 teherhord\u00f3 falak bels\u0151 oldal\u00e1n vagy k\u00e1var\u00e9sz\u00e9n, f\u00fcggetlen\u00fcl att\u00f3l, hogy \u00faj be\u00e9p\u00edt\u00e9sr\u0151l vagy ny\u00edl\u00e1sz\u00e1r\u00f3 cser\u00e9r\u0151l van sz\u00f3. Amennyiben id\u0151k\u00f6zben a be\u00e9p\u00edt\u00e9s megrendel\u00e9s\u00e9t a Vev\u0151 visszavonja, \u00fagy a felm\u00e9r\u00e9skor meg\u00e1llap\u00edtott m\u00e9retek csak aj\u00e1nl\u00e1sk\u00e9nt \u00e9lnek tov\u00e1bb \u00e9s a felm\u00e9r\u00e9s d\u00edj\u00e1t a Vev\u0151 a Sz\u00e1ll\u00edt\u00f3 r\u00e9sz\u00e9re megfizeti. A felm\u00e9r\u00e9sr\u0151l jegyz\u0151k\u00f6nyv k\u00e9sz\u00fcl, az akkor tekinthet\u0151 hitelesnek, ha a Vev\u0151 annak minden oldal\u00e1t al\u00e1\u00edr\u00e1s\u00e1val j\u00f3v\u00e1hagyta.<\/p>\n<ol>\n<li value=\"12\"><strong><u>Be\u00e9p\u00edt\u00e9s:<\/u><\/strong><\/li>\n<\/ol>\n<p>K\u00fcl\u00f6n megegyez\u00e9s, al\u00e1\u00edrt megrendel\u00e9s visszaigazol\u00e1s alapj\u00e1n a Sz\u00e1ll\u00edt\u00f3 v\u00e1llalkozik az elk\u00e9sz\u00fclt ny\u00edl\u00e1sz\u00e1r\u00f3 szerkezetek helysz\u00edni be\u00e9p\u00edt\u00e9s\u00e9re is. A ny\u00edl\u00e1sz\u00e1r\u00f3k r\u00f6gz\u00edt\u00e9se a falaz\u00e1si munk\u00e1kat k\u00f6vet\u0151en, vakol\u00e1s el\u0151tt a szabadon hagyott falny\u00edl\u00e1sba ut\u00f3lag, szerelt jelleggel csavarral t\u00f6rt\u00e9nik, ny\u00edl\u00e1s kialak\u00edt\u00e1s, helysz\u00edni jav\u00edt\u00f3 jelleg\u0171 k\u0151m\u0171ves \u00e9s egy\u00e9b szakipari munk\u00e1k n\u00e9lk\u00fcl. A megrendel\u0151, vagy jegyz\u0151k\u00f6nyv al\u00e1\u00edr\u00e1s\u00e1ra jogosult szem\u00e9ly jelenl\u00e9te n\u00e9lk\u00fcl a be\u00e9p\u00edt\u00e9si munk\u00e1k nem kezdhet\u0151k el.<\/p>\n<ol>\n<li value=\"13\"><strong><u>Be\u00e9p\u00edt\u00e9s d\u00edja:<\/u><\/strong><\/li>\n<\/ol>\n<p>Tartalmazza a sz\u00e1ll\u00edt\u00e1si k\u00f6lts\u00e9get orsz\u00e1ghat\u00e1ron bel\u00fcl, a telep\u00fcl\u00e9s 20 km-es k\u00f6rzet\u00e9ben, valamint a be\u00e9p\u00edt\u00e9shez sz\u00fcks\u00e9ges seg\u00e9danyagokat: szerel\u0151vas, csavar, purhab, valamint a szerkezetek szakszer\u0171 r\u00f6gz\u00edt\u00e9s\u00e9t \u00e9s sz\u00fcks\u00e9g szerinti beszab\u00e1lyoz\u00e1s\u00e1t, a szerel\u00e9si h\u00e9zag t\u00f6m\u00edt\u00e9s\u00e9t, a kilincsek felrak\u00e1s\u00e1t \u00e9s a tartoz\u00e9kok \u00e1tad\u00e1s\u00e1t vagy k\u00e9r\u00e9sre felhelyez\u00e9s\u00e9t. A ny\u00edl\u00e1sz\u00e1r\u00f3 szerkezetek rendeltet\u00e9sszer\u0171 haszn\u00e1lat\u00e1hoz nem sz\u00fcks\u00e9ges p\u00e1rk\u00e1ny, a bels\u0151 k\u00f6ny\u00f6kl\u0151k \u00e9s a szerel\u00e9si h\u00e9zag letakar\u00e1sa m\u0171anyag takar\u00f3l\u00e9ccel. Ezek anyag \u00e9s munkak\u00f6lts\u00e9geit nem tartalmazza a be\u00e9p\u00edt\u00e9si d\u00edj. Csak akkor r\u00e9szei a munk\u00e1knak, ha erre a szerz\u0151d\u00e9s konkr\u00e9tan kit\u00e9r.<\/p>\n<ol>\n<li value=\"14\"><strong><u>\u00c1tad\u00e1s-\u00e1tv\u00e9tel:<\/u><\/strong><\/li>\n<\/ol>\n<p>A be\u00e9p\u00edt\u00e9s d\u00edja, \u00f6sszege a munka \u00e1tv\u00e9telekor egyenl\u00edtend\u0151 ki, egy a Vev\u0151 vagy az \u00e1ltala megb\u00edzott k\u00e9pvisel\u0151 al\u00e1\u00edr\u00e1s\u00e1val ell\u00e1tott be\u00e9p\u00edt\u00e9si munkalap ill. \u00e1tad\u00e1s &ndash; \u00e1tv\u00e9teli jegyz\u0151k\u00f6nyv k\u00eds\u00e9ret\u00e9ben. A felhatalmazott szem\u00e9ly\u00e9t a Vev\u0151nek \u00edr\u00e1sban kell k\u00f6z\u00f6lnie.<\/p>\n<ol>\n<li value=\"15\"><strong><u>Garancia:<\/u><\/strong><\/li>\n<\/ol>\n<p>A Sz\u00e1ll\u00edt\u00f3 minden \u00e1ltala gy\u00e1rtott, forgalmazott, szakszer\u0171en be\u00e9p\u00edtett szerkezetre 5 \u00e9v szavatoss\u00e1got, ezen bel\u00fcl az els\u0151 12 h\u00f3napra j\u00f3t\u00e1ll\u00e1st v\u00e1llal. A szakszer\u0171tlen be\u00e9p\u00edt\u00e9s \u00e9s karbantart\u00e1s, idegen eredet\u0171 jav\u00edt\u00e1s, beavatkoz\u00e1s, v\u00e1ltoztat\u00e1s eset\u00e9n a Sz\u00e1ll\u00edt\u00f3 mentes\u00fcl a szavatoss\u00e1g al\u00f3l. Min\u0151s\u00e9gi kifog\u00e1sait a Vev\u0151 minden esetben \u00edr\u00e1sban k\u00f6teles k\u00f6z\u00f6lni. Min\u0151s\u00e9gi kifog\u00e1s eset\u00e9n a Sz\u00e1ll\u00edt\u00f3 szakembert k\u00fcld a hiba elh\u00e1r\u00edt\u00e1s\u00e1ra. Jogtalan hibabejelent\u00e9s eset\u00e9n a Vev\u0151 k\u00f6teles a Sz\u00e1ll\u00edt\u00f3nak a kisz\u00e1ll\u00e1ssal kapcsolatos k\u00f6lts\u00e9geit megt\u00e9r\u00edteni.&nbsp;&nbsp;&nbsp;&nbsp;&nbsp;&nbsp;&nbsp;&nbsp;&nbsp;&nbsp;&nbsp;&nbsp;&nbsp;&nbsp;&nbsp;&nbsp;&nbsp;&nbsp;&nbsp;&nbsp;&nbsp;&nbsp;&nbsp;&nbsp;&nbsp;&nbsp;&nbsp;&nbsp;&nbsp;&nbsp;&nbsp;&nbsp;&nbsp;&nbsp;&nbsp;&nbsp;&nbsp;&nbsp;&nbsp;&nbsp;&nbsp;&nbsp;&nbsp;&nbsp;&nbsp;&nbsp;&nbsp;&nbsp;&nbsp;&nbsp;&nbsp;&nbsp;&nbsp;&nbsp;&nbsp;&nbsp;&nbsp;&nbsp;&nbsp;&nbsp;&nbsp;&nbsp;&nbsp;&nbsp;&nbsp;&nbsp;&nbsp;&nbsp;&nbsp;&nbsp;&nbsp;&nbsp;&nbsp;&nbsp;&nbsp;&nbsp;&nbsp;&nbsp;&nbsp;&nbsp;&nbsp; &nbsp;&nbsp;&nbsp;&nbsp;&nbsp;&nbsp;&nbsp;&nbsp;&nbsp;&nbsp;&nbsp;&nbsp;&nbsp;&nbsp;&nbsp;&nbsp;&nbsp;&nbsp;&nbsp;&nbsp;&nbsp;&nbsp;&nbsp;&nbsp;&nbsp;&nbsp;&nbsp;&nbsp;&nbsp;&nbsp;&nbsp;&nbsp;&nbsp;&nbsp;&nbsp;&nbsp;&nbsp;&nbsp;&nbsp;&nbsp;&nbsp;&nbsp;&nbsp;&nbsp;&nbsp;&nbsp;&nbsp;&nbsp;&nbsp;&nbsp;&nbsp;&nbsp;&nbsp;&nbsp;&nbsp;&nbsp;&nbsp;&nbsp;&nbsp;&nbsp;&nbsp;&nbsp;&nbsp;&nbsp;&nbsp;&nbsp;&nbsp;&nbsp;&nbsp;&nbsp;&nbsp;&nbsp;&nbsp;&nbsp;&nbsp;&nbsp;&nbsp;&nbsp;&nbsp;&nbsp;&nbsp;&nbsp;&nbsp;&nbsp;&nbsp;&nbsp;&nbsp;&nbsp;&nbsp;&nbsp;&nbsp;&nbsp;&nbsp;&nbsp;&nbsp;&nbsp;&nbsp;&nbsp;&nbsp;&nbsp;&nbsp;&nbsp;A fentiekben nem szab\u00e1lyozott k\u00e9rd\u00e9sekben a PTK idevonatkoz\u00f3 paragrafusai \u00e9rv\u00e9nyesek. A szerz\u0151d\u0151 felek elfogadj\u00e1k a Bajai V\u00e1rosi B\u00edr\u00f3s\u00e1g kiz\u00e1r\u00f3lagos illet\u00e9kess\u00e9g\u00e9t.<\/p>\n<p>&nbsp;<\/p>\n<p><strong><u>El\u00e9rhet\u0151s\u00e9geink:<\/u><\/strong><\/p>\n<p>&nbsp;<\/p>\n<p>P\u00e1ti Mikl\u00f3s&nbsp;&nbsp;&nbsp;&nbsp;&nbsp;&nbsp;&nbsp;&nbsp;&nbsp;&nbsp;&nbsp; \u00fcgyvezet\u0151 &nbsp;&nbsp;&nbsp;&nbsp;&nbsp;&nbsp;&nbsp;&nbsp;&nbsp;&nbsp;&nbsp;&nbsp;&nbsp;&nbsp;&nbsp;&nbsp;&nbsp;&nbsp;&nbsp;&nbsp;&nbsp;&nbsp;&nbsp;&nbsp;&nbsp;&nbsp;&nbsp;&nbsp;&nbsp;&nbsp; +36 70&nbsp;616 5096&nbsp;&nbsp;&nbsp;&nbsp;&nbsp;&nbsp;&nbsp;&nbsp;&nbsp;&nbsp;&nbsp;&nbsp;&nbsp;&nbsp;&nbsp;&nbsp;&nbsp;&nbsp;&nbsp; <a href=\"mailto:karterablak@t-online.hu\">karterablak@t-online.hu<\/a><\/p>\n<p>&nbsp;&nbsp;&nbsp;&nbsp;&nbsp;&nbsp;&nbsp;&nbsp;&nbsp;&nbsp;&nbsp;&nbsp;&nbsp;&nbsp;&nbsp;&nbsp;&nbsp;&nbsp;&nbsp;&nbsp;&nbsp;&nbsp;&nbsp;&nbsp;&nbsp;&nbsp;&nbsp;&nbsp;&nbsp;&nbsp;&nbsp;<\/p>\n<p><strong>Megrendel\u00e9sekkel, \u00e1raj\u00e1nlatokkal <\/strong><strong>sz\u00e1ll\u00edt\u00e1ssal kapcsolatos \u00fcgyek:<\/strong><\/p>\n<p>&nbsp;<\/p>\n<p>M\u00e1ty\u00e1s Ilona &nbsp;&nbsp;&nbsp;&nbsp;&nbsp;&nbsp; \u00e9rt\u00e9kes\u00edt\u00e9si asszisztens&nbsp;&nbsp;&nbsp;&nbsp;&nbsp;&nbsp;&nbsp;&nbsp; +3670 616 5093&nbsp;&nbsp;&nbsp;&nbsp;&nbsp;&nbsp;&nbsp;&nbsp;&nbsp;&nbsp;&nbsp;&nbsp;&nbsp;&nbsp;&nbsp;&nbsp;&nbsp;&nbsp;&nbsp;&nbsp; <a href=\"mailto:karterablak@gmail.com\">karterablak@gmail.com<\/a><\/p>\n<p>Ded\u00e1k Brigitta &nbsp;&nbsp;&nbsp;&nbsp; \u00e9rt\u00e9kes\u00edt\u00e9si asszisztens&nbsp;&nbsp;&nbsp;&nbsp;&nbsp;&nbsp;&nbsp;&nbsp; +3670 413 1296&nbsp;&nbsp;&nbsp;&nbsp;&nbsp;&nbsp;&nbsp;&nbsp;&nbsp;&nbsp;&nbsp;&nbsp;&nbsp;&nbsp;&nbsp;&nbsp;&nbsp;&nbsp;&nbsp;&nbsp; <a href=\"mailto:modor.andrea@rekordnyilaszaro.hu\">karterablak@kalocsakom.hu<\/a><\/p>\n<p>Ill\u00e9s L\u00e1szl\u00f3 &nbsp;&nbsp;&nbsp;&nbsp;&nbsp;&nbsp;&nbsp;&nbsp; szaktan\u00e1csad\u00f3&nbsp;&nbsp;&nbsp;&nbsp; &nbsp; &nbsp;&nbsp;&nbsp;&nbsp;&nbsp;&nbsp;&nbsp;&nbsp;&nbsp;&nbsp;&nbsp;&nbsp;&nbsp;&nbsp;&nbsp; +3670 385 3306&nbsp;&nbsp;&nbsp;&nbsp;&nbsp;&nbsp;&nbsp;&nbsp;&nbsp;&nbsp;&nbsp;&nbsp;&nbsp;&nbsp;&nbsp;&nbsp;&nbsp;&nbsp;&nbsp;&nbsp; <a href=\"mailto:karterablakszekszard@tolna.net\">karterablakszekszard@tolna.net<\/a><\/p>\n<p>&nbsp;&nbsp;&nbsp;&nbsp;&nbsp;&nbsp;&nbsp;&nbsp;&nbsp;&nbsp;&nbsp;&nbsp;&nbsp;&nbsp;&nbsp;&nbsp;&nbsp;&nbsp;&nbsp;&nbsp;&nbsp;&nbsp;&nbsp;&nbsp;&nbsp;&nbsp;&nbsp;&nbsp;&nbsp;&nbsp;&nbsp;&nbsp;&nbsp;&nbsp;&nbsp;&nbsp;&nbsp;&nbsp;&nbsp;&nbsp;&nbsp;&nbsp;&nbsp;&nbsp;&nbsp;&nbsp;&nbsp;&nbsp;&nbsp;&nbsp;&nbsp;&nbsp;&nbsp;&nbsp;&nbsp;&nbsp;&nbsp;&nbsp;&nbsp;&nbsp;&nbsp;&nbsp;&nbsp;&nbsp;&nbsp;&nbsp;&nbsp;&nbsp;<\/p>\n<p>&nbsp;&nbsp;&nbsp;&nbsp;&nbsp;&nbsp;&nbsp;&nbsp;&nbsp;&nbsp;&nbsp;&nbsp;&nbsp;&nbsp;&nbsp;&nbsp;&nbsp;&nbsp;&nbsp;&nbsp;&nbsp;&nbsp;&nbsp;&nbsp;&nbsp;&nbsp;&nbsp;&nbsp;&nbsp;&nbsp;&nbsp; Levelez\u00e9si c\u00edm:&nbsp;&nbsp;&nbsp;&nbsp;&nbsp;&nbsp;&nbsp;&nbsp;&nbsp;&nbsp;&nbsp;&nbsp;&nbsp;&nbsp;&nbsp;&nbsp;&nbsp;&nbsp;&nbsp;&nbsp;&nbsp;&nbsp;&nbsp; 6500, Baja Malom u.10.<\/p>\n<p>&nbsp;&nbsp;&nbsp;&nbsp;&nbsp;&nbsp;&nbsp;&nbsp;&nbsp;&nbsp;&nbsp;&nbsp;&nbsp;&nbsp;&nbsp;&nbsp;&nbsp;&nbsp;&nbsp;&nbsp;&nbsp;&nbsp;&nbsp;&nbsp;&nbsp;&nbsp;&nbsp;&nbsp;&nbsp;&nbsp;&nbsp; Sz\u00e1ml\u00e1z\u00e1si c\u00edm: &nbsp;&nbsp;&nbsp;&nbsp;&nbsp;&nbsp;&nbsp;&nbsp;&nbsp;&nbsp;&nbsp;&nbsp;&nbsp;&nbsp;&nbsp;&nbsp;&nbsp;&nbsp;&nbsp;&nbsp; 6500, Baja Malom u.10.<\/p>\n<p>&nbsp;&nbsp;&nbsp;&nbsp;&nbsp;&nbsp;&nbsp;&nbsp;&nbsp;&nbsp;&nbsp;&nbsp;&nbsp;&nbsp;&nbsp;&nbsp;&nbsp;&nbsp;&nbsp;&nbsp;&nbsp;&nbsp;&nbsp;&nbsp;&nbsp;&nbsp;&nbsp;&nbsp;&nbsp;&nbsp;&nbsp; Telefon:&nbsp;&nbsp;&nbsp;&nbsp;&nbsp;&nbsp;&nbsp;&nbsp;&nbsp;&nbsp;&nbsp;&nbsp;&nbsp;&nbsp;&nbsp;&nbsp;&nbsp;&nbsp;&nbsp;&nbsp;&nbsp;&nbsp;&nbsp;&nbsp;&nbsp;&nbsp;&nbsp;&nbsp;&nbsp;&nbsp;&nbsp;&nbsp;&nbsp;&nbsp; +36 79 320&nbsp;165<\/p>\n<p>&nbsp;&nbsp;&nbsp;&nbsp;&nbsp;&nbsp;&nbsp;&nbsp;&nbsp;&nbsp;&nbsp;&nbsp;&nbsp;&nbsp;&nbsp;&nbsp;&nbsp;&nbsp;&nbsp;&nbsp;&nbsp;&nbsp;&nbsp;&nbsp;&nbsp;&nbsp;&nbsp;&nbsp;&nbsp;&nbsp;&nbsp; Fax:&nbsp;&nbsp;&nbsp;&nbsp;&nbsp;&nbsp;&nbsp;&nbsp;&nbsp;&nbsp;&nbsp;&nbsp;&nbsp;&nbsp;&nbsp;&nbsp;&nbsp;&nbsp;&nbsp;&nbsp;&nbsp;&nbsp;&nbsp;&nbsp;&nbsp;&nbsp;&nbsp;&nbsp;&nbsp;&nbsp;&nbsp;&nbsp;&nbsp;&nbsp;&nbsp;&nbsp;&nbsp;&nbsp;&nbsp; +36 79 320&nbsp;165<\/p>\n<p>&nbsp;&nbsp;&nbsp;&nbsp;&nbsp;&nbsp;&nbsp;&nbsp;&nbsp;&nbsp;&nbsp;&nbsp;&nbsp;&nbsp;&nbsp;&nbsp;&nbsp;&nbsp;&nbsp;&nbsp;&nbsp;&nbsp;&nbsp;&nbsp;&nbsp;&nbsp;&nbsp;&nbsp;&nbsp;&nbsp;&nbsp; E-mail:&nbsp;&nbsp;&nbsp;&nbsp;&nbsp;&nbsp;&nbsp;&nbsp;&nbsp;&nbsp;&nbsp;&nbsp;&nbsp;&nbsp;&nbsp;&nbsp;&nbsp;&nbsp;&nbsp;&nbsp;&nbsp;&nbsp;&nbsp;&nbsp;&nbsp;&nbsp;&nbsp;&nbsp;&nbsp;&nbsp;&nbsp;&nbsp;&nbsp;&nbsp;&nbsp;&nbsp; <a href=\"mailto:karterablak@t-online.hu\">karterablak@t-online.hu<\/a><\/p>\n<p>&nbsp;<\/p>\n<p>Ny\u00edl\u00e1sz\u00e1r\u00f3 bemutat\u00f3termek:<\/p>\n<p>6500 Baja, D\u00e9ri Frigyes s\u00e9t\u00e1ny 11.<\/p>\n<p>6300 Kalocsa, Szent Istv\u00e1n kir\u00e1ly u.80.<\/p>\n<p>7100 Szeksz\u00e1rd, R\u00e1k\u00f3czi Ferenc u.15.<\/p>\n<p style=\"margin-left:53.4pt;\">&nbsp;<\/p>\n","protected":false},"author":1,"featured_media":611,"parent":0,"menu_order":0,"comment_status":"closed","ping_status":"closed","template":"","meta":{"footnotes":""},"class_list":["post-634","page","type-page","status-publish","has-post-thumbnail","hentry"],"_links":{"self":[{"href":"https:\/\/www.ablakkarter.hu\/index.php?rest_route=\/wp\/v2\/pages\/634","targetHints":{"allow":["GET"]}}],"collection":[{"href":"https:\/\/www.ablakkarter.hu\/index.php?rest_route=\/wp\/v2\/pages"}],"about":[{"href":"https:\/\/www.ablakkarter.hu\/index.php?rest_route=\/wp\/v2\/types\/page"}],"author":[{"embeddable":true,"href":"https:\/\/www.ablakkarter.hu\/index.php?rest_route=\/wp\/v2\/users\/1"}],"replies":[{"embeddable":true,"href":"https:\/\/www.ablakkarter.hu\/index.php?rest_route=%2Fwp%2Fv2%2Fcomments&post=634"}],"version-history":[{"count":2,"href":"https:\/\/www.ablakkarter.hu\/index.php?rest_route=\/wp\/v2\/pages\/634\/revisions"}],"predecessor-version":[{"id":1294,"href":"https:\/\/www.ablakkarter.hu\/index.php?rest_route=\/wp\/v2\/pages\/634\/revisions\/1294"}],"wp:featuredmedia":[{"embeddable":true,"href":"https:\/\/www.ablakkarter.hu\/index.php?rest_route=\/wp\/v2\/media\/611"}],"wp:attachment":[{"href":"https:\/\/www.ablakkarter.hu\/index.php?rest_route=%2Fwp%2Fv2%2Fmedia&parent=634"}],"curies":[{"name":"wp","href":"https:\/\/api.w.org\/{rel}","templated":true}]}}