{"id":373,"date":"2012-09-13T13:05:42","date_gmt":"2012-09-13T13:05:42","guid":{"rendered":"https:\/\/www.ablakkarter.hu\/gealan-s-9000iq-muanyag-ablak\/"},"modified":"2022-03-24T11:21:45","modified_gmt":"2022-03-24T11:21:45","slug":"gealan-s-9000iq-muanyag-ablak","status":"publish","type":"page","link":"https:\/\/www.ablakkarter.hu\/?page_id=373","title":{"rendered":"GEALAN S 9000IQ M\u0171anyag ablak"},"content":{"rendered":"<p style=\"text-align: center;\"><span style=\"font-family: verdana,geneva,sans-serif;\"><strong><span style=\"font-size: 16px;\">GEALAN S 9000IQ k\u00f6z\u00e9pt\u00f6m\u00edt\u00e9ses m\u0171anyag ablakok<\/span><\/strong><\/span><\/p>\n<p style=\"text-align: center;\"><span style=\"font-size: 14px;\"><span style=\"font-family: verdana,geneva,sans-serif;\"><strong>A leg\u00fajabb fejleszt\u00e9s\u0171 N\u00e9metorsz\u00e1gban gy\u00e1rtott Gealan S9000 IQ profilb\u00f3l k\u00e9sz\u00fclt m\u0171anyag ablakok bels\u0151 falc\u00e1ban tal\u00e1lhat\u00f3 flexibilis k\u00f6z\u00e9pt\u00f6m\u00edt\u00e9s jelent\u0151sen hozz\u00e1j\u00e1rul az ablak h\u0151szigetel\u00e9si \u00e9rt\u00e9k\u00e9nek jav\u00edt\u00e1s\u00e1hoz. <\/strong><\/span><\/span><\/p>\n<p style=\"text-align: center;\"><span style=\"font-size: 14px;\"><span style=\"font-family: verdana,geneva,sans-serif;\"><strong>A k\u00f6z\u00e9pt\u00f6m\u00edt\u00e9s v\u00e9di a vasalati elemeket a nedvess\u00e9gt\u0151l, \u00e9s m\u00e9g t\u00f6k\u00e9letesebb z\u00e1r\u00e1st biztos\u00edt. <\/strong><\/span><\/span><\/p>\n<table style=\"width: 889px; height: 577px;\" border=\"1\" cellspacing=\"1\" cellpadding=\"1\">\n<tbody>\n<tr>\n<td>\n<div class=\"right_col\">\n<div class=\"box\">\n<ul>\n<li><span style=\"font-family: verdana,geneva,sans-serif;\"><strong><span style=\"font-size: 14px;\">N\u00e9met profil<\/span><\/strong><\/span><\/li>\n<li><span style=\"font-family: verdana,geneva,sans-serif;\"><strong><span style=\"font-size: 14px;\">6 l\u00e9gkamra tokban \u00e9s sz\u00e1rnyban egyar\u00e1nt<\/span><\/strong><\/span><\/li>\n<li><span style=\"font-family: verdana,geneva,sans-serif;\"><strong><span style=\"font-size: 14px;\">H\u00e1rom r\u00e9teg\u0171 \u00fcveg<\/span><\/strong><\/span><\/li>\n<li><span style=\"font-family: verdana,geneva,sans-serif;\"><strong><span style=\"font-size: 14px;\">Megn\u00f6velt \u00fcvegez\u00e9s<\/span><span style=\"font-size: 14px;\"> ak\u00e1r 54mm-ig<\/span><\/strong><\/span><\/li>\n<li><strong><span style=\"font-size: 14px;\"><span style=\"font-family: verdana,geneva,sans-serif;\">Els\u0151hasznos\u00edt\u00e1s\u00fa PVC ablakprofil<\/span><\/span><\/strong><\/li>\n<li><span style=\"font-family: verdana,geneva,sans-serif;\"><strong><span style=\"font-size: 14px;\">Intelligens k\u00f6z\u00e9pt\u00f6m\u00edt\u00e9ses rendszer<\/span><\/strong><\/span><\/li>\n<li><span style=\"font-family: verdana,geneva,sans-serif;\"><strong><span style=\"font-size: 14px;\">Keskeny profilsz\u00e9less\u00e9g<\/span><\/strong><\/span><\/li>\n<li><span style=\"font-family: verdana,geneva,sans-serif;\"><strong><span style=\"font-size: 14px;\">Eszt\u00e9tikus 15\u00b0 lejtes\u0171 \u00e9l<\/span><\/strong><\/span><\/li>\n<li><span style=\"font-family: verdana,geneva,sans-serif;\"><strong><span style=\"font-size: 14px;\">Megn\u00f6velt szerkezeti m\u00e9lys\u00e9g: 83mm<\/span><\/strong><\/span><\/li>\n<li><span style=\"font-family: verdana,geneva,sans-serif;\"><strong><span style=\"font-size: 14px;\">Extra j\u00f3 stabilit\u00e1s<\/span><\/strong><\/span><\/li>\n<li><span style=\"font-family: verdana,geneva,sans-serif;\"><strong><span style=\"font-size: 14px;\">Horganyzott ac\u00e9lmerev\u00edt\u00e9s<\/span><\/strong><\/span><\/li>\n<li><span style=\"font-family: verdana,geneva,sans-serif;\"><strong><span style=\"font-size: 14px;\">Kiv\u00e1l\u00f3 h\u0151szigetel\u00e9s Uf = 0,92W\/m2K<\/span><\/strong><\/span><\/li>\n<li><span style=\"font-family: verdana,geneva,sans-serif;\"><strong><span style=\"font-size: 14px;\">Vasalat: ROTO NT (N\u00e9metorsz\u00e1g)<\/span><\/strong><\/span><\/li>\n<li><span style=\"font-family: verdana,geneva,sans-serif;\"><strong><span style=\"font-size: 14px;\">Megfelel\u0151 \u00fcvegez\u00e9ssel PASSZ\u00cdVH\u00c1Z ablak <\/span><\/strong><\/span><\/li>\n<li><span style=\"font-family: verdana,geneva,sans-serif;\"><strong><span style=\"font-size: 14px;\">A leg\u00fajabb GEALAN IKD \u00e9s STV ablaktechnol\u00f3gia <\/span><\/strong><\/span><\/li>\n<\/ul>\n<\/div>\n<\/div>\n<\/td>\n<td><img loading=\"lazy\" decoding=\"async\" class=\"size-full wp-image-357 aligncenter\" style=\"width: 290px; height: 274px; border-width: 2px; border-style: solid;\" src=\"https:\/\/www.ablakkarter.hu\/wp-content\/uploads\/2012\/09\/gealan_-muanyag_ablak.jpg\" alt=\"M\u0171anyag ablak akci\u00f3\" width=\"667\" height=\"695\" srcset=\"https:\/\/www.ablakkarter.hu\/wp-content\/uploads\/2012\/09\/gealan_-muanyag_ablak.jpg 667w, https:\/\/www.ablakkarter.hu\/wp-content\/uploads\/2012\/09\/gealan_-muanyag_ablak-600x625.jpg 600w, https:\/\/www.ablakkarter.hu\/wp-content\/uploads\/2012\/09\/gealan_-muanyag_ablak-288x300.jpg 288w\" sizes=\"auto, (max-width: 667px) 100vw, 667px\" \/><\/td>\n<\/tr>\n<\/tbody>\n<\/table>\n<table style=\"width: 890px; height: 577px;\" border=\"1\" cellspacing=\"1\" cellpadding=\"1\">\n<tbody>\n<tr>\n<td>\n<p><img loading=\"lazy\" decoding=\"async\" class=\" size-full wp-image-359\" src=\"https:\/\/www.ablakkarter.hu\/wp-content\/uploads\/2012\/09\/muanyag_ablak_stv.jpg\" alt=\"\" width=\"337\" height=\"145\" srcset=\"https:\/\/www.ablakkarter.hu\/wp-content\/uploads\/2012\/09\/muanyag_ablak_stv.jpg 752w, https:\/\/www.ablakkarter.hu\/wp-content\/uploads\/2012\/09\/muanyag_ablak_stv-600x260.jpg 600w, https:\/\/www.ablakkarter.hu\/wp-content\/uploads\/2012\/09\/muanyag_ablak_stv-300x130.jpg 300w\" sizes=\"auto, (max-width: 337px) 100vw, 337px\" \/><\/td>\n<td>\n<h2 style=\"text-align: center;\"><span style=\"font-size: 18px;\"><em><strong>A GEALAN\u00a0 STV<\/strong><\/em><strong class=\"sup\">\u00ae<\/strong><em><strong> technol\u00f3gia<\/strong><\/em><\/span><\/h2>\n<h3 style=\"text-align: center;\"><span style=\"font-size: 18px;\"><span style=\"font-size: 16px;\"><strong>M\u00e9g jobb statika, m\u00e9g nagyobb ablak m\u00e9retek!<\/strong><\/span><\/span><\/h3>\n<p style=\"text-align: center;\"><span style=\"font-size: 16px;\"><span style=\"font-family: verdana,geneva,sans-serif;\"><strong>Mit jelent a Gealan STV<strong class=\"sup\">\u00ae technol\u00f3gia?<\/strong><\/strong><\/span><\/span><\/p>\n<h3 style=\"text-align: center;\"><span style=\"font-size: 18px;\"><strong>STV<strong class=\"sup\">\u00ae<\/strong>\u00a0\u00a0 Statikai sz\u00e1raz \u00fcvegez\u00e9s<\/strong><\/span><\/h3>\n<ul>\n<li><span style=\"font-family: verdana,geneva,sans-serif;\"><strong><span style=\"font-size: 14px;\">A GEALAN STV<strong class=\"sup\">\u00ae<\/strong> <\/span><\/strong><span style=\"font-size: 14px;\">ragaszt\u00e1si technol\u00f3gia az \u00fcveg \u00e9s a sz\u00e1rnyprofil speci\u00e1lis ragaszt\u00f3szalaggal t\u00f6rt\u00e9n\u0151 \u00f6sszeragaszt\u00e1s\u00e1t jelenti. <\/span><\/span><\/li>\n<li><span style=\"font-family: verdana,geneva,sans-serif;\"><span style=\"font-size: 14px;\">Az ablakgy\u00e1rt\u00e1s sor\u00e1n az ablak\u00fcveg ablaksz\u00e1rnnyal t\u00f6rt\u00e9n\u0151 \u00f6sszeragaszt\u00e1s\u00e1val az \u00fcveg \u00e1tadja merevs\u00e9g\u00e9t a sz\u00e1rnynak, \u00e9s ez\u00e1ltal sokkal stabilabb\u00e1 v\u00e1lik az eg\u00e9sz ablakszerkezet. <\/span><\/span><\/li>\n<li><span style=\"font-family: verdana,geneva,sans-serif;\"><span style=\"font-size: 14px;\"><span style=\"font-size: 14px;\"><strong>A <span style=\"font-family: verdana,geneva,sans-serif;\">m\u0171anyag ablakok a <\/span>GEALAN STV<strong class=\"sup\">\u00ae<\/strong><\/strong> ragasztott \u00fcveg technol\u00f3gi\u00e1val<\/span><\/span> kombin\u00e1lva sokkal nagyobb m\u00e9retekben gy\u00e1rthat\u00f3k mint ami id\u00e1ig elk\u00e9pzelhet\u0151 volt .<\/span><\/li>\n<li><span style=\"font-family: verdana,geneva,sans-serif;\"><span style=\"font-size: 14px;\"><strong>A GEALAN STV<strong class=\"sup\">\u00ae<\/strong><\/strong> technol\u00f3gi\u00e1val az ablakok ak\u00e1r ac\u00e9lmerev\u00edt\u00e9s n\u00e9lk\u00fcl is elk\u00e9sz\u00edthet\u0151k,\u00a0 tov\u00e1bb jav\u00edtva ezzel a term\u00e9kek h\u0151szigetel\u00e9s\u00e9t.<\/span><\/span><\/li>\n<\/ul>\n<\/td>\n<\/tr>\n<\/tbody>\n<\/table>\n<table style=\"width: 886px; height: 328px;\" border=\"1\" cellspacing=\"1\" cellpadding=\"1\">\n<tbody>\n<tr>\n<td>\n<h2 style=\"text-align: center;\"><span style=\"color: #ff0000;\"><span style=\"font-size: 18px;\"><em><strong>A GEALAN\u00a0 IKD<\/strong><\/em><strong class=\"sup\">\u00ae<\/strong><em><strong> technol\u00f3gia<\/strong><\/em><\/span><\/span><\/h2>\n<\/td>\n<td rowspan=\"2\"><a href=\"https:\/\/www.ablakkarter.hu\/wp-content\/uploads\/2012\/09\/gealan_ablak_stv_technologia.jpg\" rel=\"lightbox\"><img loading=\"lazy\" decoding=\"async\" class=\"size-full wp-image-360 aligncenter\" style=\"width: 231px; height: 278px;\" src=\"https:\/\/www.ablakkarter.hu\/wp-content\/uploads\/2012\/09\/gealan_ablak_stv_technologia.jpg\" alt=\"\" width=\"501\" height=\"600\" srcset=\"https:\/\/www.ablakkarter.hu\/wp-content\/uploads\/2012\/09\/gealan_ablak_stv_technologia.jpg 501w, https:\/\/www.ablakkarter.hu\/wp-content\/uploads\/2012\/09\/gealan_ablak_stv_technologia-251x300.jpg 251w\" sizes=\"auto, (max-width: 501px) 100vw, 501px\" \/><\/a><\/td>\n<\/tr>\n<tr>\n<td>\n<p style=\"text-align: center;\"><a href=\"https:\/\/www.ablakkarter.hu\/wp-content\/uploads\/2012\/09\/ikd_muanyag-ablak_akcio.jpg\" rel=\"lightbox\"><img loading=\"lazy\" decoding=\"async\" class=\" size-full wp-image-361\" style=\"width: 477px; height: 169px;\" title=\"IKD m\u0171anyag ablak akci\u00f3\" src=\"https:\/\/www.ablakkarter.hu\/wp-content\/uploads\/2012\/09\/ikd_muanyag-ablak_akcio.jpg\" alt=\"IKD m\u0171anyag ablak akci\u00f3\" width=\"1008\" height=\"360\" srcset=\"https:\/\/www.ablakkarter.hu\/wp-content\/uploads\/2012\/09\/ikd_muanyag-ablak_akcio.jpg 1008w, https:\/\/www.ablakkarter.hu\/wp-content\/uploads\/2012\/09\/ikd_muanyag-ablak_akcio-600x214.jpg 600w, https:\/\/www.ablakkarter.hu\/wp-content\/uploads\/2012\/09\/ikd_muanyag-ablak_akcio-300x107.jpg 300w, https:\/\/www.ablakkarter.hu\/wp-content\/uploads\/2012\/09\/ikd_muanyag-ablak_akcio-768x274.jpg 768w\" sizes=\"auto, (max-width: 1008px) 100vw, 1008px\" \/><\/a><\/p>\n<\/td>\n<\/tr>\n<\/tbody>\n<\/table>\n<p><strong><span style=\"font-size: 14px;\"><span style=\"font-family: verdana,geneva,sans-serif;\">Katal\u00f3gusok megtekint\u00e9se \u00e9s let\u00f6lt\u00e9se <\/span><\/span><\/strong><span style=\"font-size: 14px;\"><span style=\"font-family: verdana,geneva,sans-serif;\">(\u00e9rv\u00e9nyes2013.03.01-t\u0151l)<\/span><\/span><\/p>\n<p><span style=\"font-size: 14px;\"><span style=\"font-family: verdana,geneva,sans-serif;\">Megnyit\u00e1s a k\u00e9pre kattintva.<\/span><\/span><\/p>\n<p><span style=\"font-size: 14px;\"><span style=\"font-family: verdana,geneva,sans-serif;\">Let\u00f6lt\u00e9shez kattintson jobb gombbal a k\u00e9pre majd <strong>C\u00e9l ment\u00e9se m\u00e1sk\u00e9nt<\/strong>&#8221; parancs kiv\u00e1laszt\u00e1sa.<\/span><\/span><\/p>\n<p style=\"text-align: center;\"><a href=\"https:\/\/www.ablakkarter.hu\/wp-content\/uploads\/2012\/09\/Gealan_S_9000_IQ_muanyag_ablak.pdf\"><img loading=\"lazy\" decoding=\"async\" class=\" size-full wp-image-363\" style=\"width: 232px; height: 330px;\" title=\"S_9000_IQ m\u0171anyag ablak katal\u00f3gus\" src=\"https:\/\/www.ablakkarter.hu\/wp-content\/uploads\/2012\/09\/S_9000_IQ_muanyag_ablak.jpg\" alt=\"\" width=\"316\" height=\"449\" srcset=\"https:\/\/www.ablakkarter.hu\/wp-content\/uploads\/2012\/09\/S_9000_IQ_muanyag_ablak.jpg 316w, https:\/\/www.ablakkarter.hu\/wp-content\/uploads\/2012\/09\/S_9000_IQ_muanyag_ablak-211x300.jpg 211w\" sizes=\"auto, (max-width: 316px) 100vw, 316px\" \/><\/a> <a href=\"https:\/\/www.ablakkarter.hu\/wp-content\/uploads\/2012\/09\/gealan_muanyag_ablak_ikd_katalogus.pdf\"><img loading=\"lazy\" decoding=\"async\" class=\" size-full wp-image-365\" style=\"width: 254px; height: 330px;\" title=\"m\u0171anyag ablak ikd katalogus\" src=\"https:\/\/www.ablakkarter.hu\/wp-content\/uploads\/2012\/09\/muanyag_ablak_ikd_katalogus.jpg\" alt=\"\" width=\"325\" height=\"422\" srcset=\"https:\/\/www.ablakkarter.hu\/wp-content\/uploads\/2012\/09\/muanyag_ablak_ikd_katalogus.jpg 325w, https:\/\/www.ablakkarter.hu\/wp-content\/uploads\/2012\/09\/muanyag_ablak_ikd_katalogus-231x300.jpg 231w\" sizes=\"auto, (max-width: 325px) 100vw, 325px\" \/><\/a> <a href=\"https:\/\/www.ablakkarter.hu\/wp-content\/uploads\/2012\/09\/gealan_muanyag_ablak_stv_katalogus.pdf\"><img loading=\"lazy\" decoding=\"async\" class=\" size-full wp-image-367\" style=\"width: 232px; height: 330px;\" title=\"m\u0171anyag ablak stv katal\u00f3gus\" src=\"https:\/\/www.ablakkarter.hu\/wp-content\/uploads\/2012\/09\/muanyag_ablak_stv_katalogus.jpg\" alt=\"\" width=\"316\" height=\"449\" srcset=\"https:\/\/www.ablakkarter.hu\/wp-content\/uploads\/2012\/09\/muanyag_ablak_stv_katalogus.jpg 316w, https:\/\/www.ablakkarter.hu\/wp-content\/uploads\/2012\/09\/muanyag_ablak_stv_katalogus-211x300.jpg 211w\" sizes=\"auto, (max-width: 316px) 100vw, 316px\" \/><\/a><\/p>\n<p style=\"text-align: center;\"><span style=\"font-family: verdana,geneva,sans-serif;\"><strong><span style=\"font-size: 16px;\">A Gealan ablakrendszer kieg\u00e9sz\u00edt\u0151 elemei<\/span><\/strong><\/span><\/p>\n<p style=\"text-align: center;\"><a href=\"https:\/\/www.ablakkarter.hu\/wp-content\/uploads\/2012\/09\/gealan_s9000iq_2rtg.png\" rel=\"lightbox\"><img loading=\"lazy\" decoding=\"async\" class=\" size-full wp-image-368\" style=\"width: 180px; height: 180px;\" title=\"Gealan S9000 2 r\u00e9teg\u0171\" src=\"https:\/\/www.ablakkarter.hu\/wp-content\/uploads\/2012\/09\/gealan_s9000iq_2rtg.png\" alt=\"Gealan S 9000 IQ m\u0171anyag ablak\" width=\"768\" height=\"768\" srcset=\"https:\/\/www.ablakkarter.hu\/wp-content\/uploads\/2012\/09\/gealan_s9000iq_2rtg.png 768w, https:\/\/www.ablakkarter.hu\/wp-content\/uploads\/2012\/09\/gealan_s9000iq_2rtg-300x300.png 300w, https:\/\/www.ablakkarter.hu\/wp-content\/uploads\/2012\/09\/gealan_s9000iq_2rtg-100x100.png 100w, https:\/\/www.ablakkarter.hu\/wp-content\/uploads\/2012\/09\/gealan_s9000iq_2rtg-600x600.png 600w, https:\/\/www.ablakkarter.hu\/wp-content\/uploads\/2012\/09\/gealan_s9000iq_2rtg-150x150.png 150w\" sizes=\"auto, (max-width: 768px) 100vw, 768px\" \/><\/a> <a href=\"https:\/\/www.ablakkarter.hu\/wp-content\/uploads\/2012\/09\/gealan_s9000iq_3rtg.png\" rel=\"lightbox\"><img loading=\"lazy\" decoding=\"async\" class=\" size-full wp-image-369\" style=\"width: 180px; height: 180px;\" title=\"Gealan S9000 3 r\u00e9teg\u0171\" src=\"https:\/\/www.ablakkarter.hu\/wp-content\/uploads\/2012\/09\/gealan_s9000iq_3rtg.png\" alt=\"Gealan S9000 IQ m\u0171anyag ablak h\u00e1rom r\u00e9teg\u0171 \u00fcveg\" width=\"768\" height=\"768\" srcset=\"https:\/\/www.ablakkarter.hu\/wp-content\/uploads\/2012\/09\/gealan_s9000iq_3rtg.png 768w, https:\/\/www.ablakkarter.hu\/wp-content\/uploads\/2012\/09\/gealan_s9000iq_3rtg-300x300.png 300w, https:\/\/www.ablakkarter.hu\/wp-content\/uploads\/2012\/09\/gealan_s9000iq_3rtg-100x100.png 100w, https:\/\/www.ablakkarter.hu\/wp-content\/uploads\/2012\/09\/gealan_s9000iq_3rtg-600x600.png 600w, https:\/\/www.ablakkarter.hu\/wp-content\/uploads\/2012\/09\/gealan_s9000iq_3rtg-150x150.png 150w\" sizes=\"auto, (max-width: 768px) 100vw, 768px\" \/><\/a> <a href=\"https:\/\/www.ablakkarter.hu\/wp-content\/uploads\/2012\/09\/csosorolo.png\" rel=\"lightbox\"><img loading=\"lazy\" decoding=\"async\" class=\" size-full wp-image-370\" style=\"width: 180px; height: 180px;\" title=\"Cs\u0151sorol\u00f3\" src=\"https:\/\/www.ablakkarter.hu\/wp-content\/uploads\/2012\/09\/csosorolo.png\" alt=\"Cs\u0151sorol\u00f3 m\u0171anyag ablakhoz\" width=\"768\" height=\"768\" srcset=\"https:\/\/www.ablakkarter.hu\/wp-content\/uploads\/2012\/09\/csosorolo.png 768w, https:\/\/www.ablakkarter.hu\/wp-content\/uploads\/2012\/09\/csosorolo-300x300.png 300w, https:\/\/www.ablakkarter.hu\/wp-content\/uploads\/2012\/09\/csosorolo-100x100.png 100w, https:\/\/www.ablakkarter.hu\/wp-content\/uploads\/2012\/09\/csosorolo-600x600.png 600w, https:\/\/www.ablakkarter.hu\/wp-content\/uploads\/2012\/09\/csosorolo-150x150.png 150w\" sizes=\"auto, (max-width: 768px) 100vw, 768px\" \/><\/a> <a href=\"https:\/\/www.ablakkarter.hu\/wp-content\/uploads\/2012\/09\/statikai_sorolo_gealan.png\" rel=\"lightbox\"><img loading=\"lazy\" decoding=\"async\" class=\" size-full wp-image-371\" style=\"width: 180px; height: 180px;\" title=\"Statikai sorol\u00f3\" src=\"https:\/\/www.ablakkarter.hu\/wp-content\/uploads\/2012\/09\/statikai_sorolo_gealan.png\" alt=\"Statikai sorol\u00f3, Gealan m\u0171anyag ablakhoz\" width=\"768\" height=\"768\" srcset=\"https:\/\/www.ablakkarter.hu\/wp-content\/uploads\/2012\/09\/statikai_sorolo_gealan.png 768w, https:\/\/www.ablakkarter.hu\/wp-content\/uploads\/2012\/09\/statikai_sorolo_gealan-300x300.png 300w, https:\/\/www.ablakkarter.hu\/wp-content\/uploads\/2012\/09\/statikai_sorolo_gealan-100x100.png 100w, https:\/\/www.ablakkarter.hu\/wp-content\/uploads\/2012\/09\/statikai_sorolo_gealan-600x600.png 600w, https:\/\/www.ablakkarter.hu\/wp-content\/uploads\/2012\/09\/statikai_sorolo_gealan-150x150.png 150w\" sizes=\"auto, (max-width: 768px) 100vw, 768px\" \/><\/a><\/p>\n<div class=\"right_col\">\n<div class=\"box\">\n<table style=\"width: 917px; height: 575px;\" border=\"1\" cellspacing=\"1\" cellpadding=\"1\">\n<tbody>\n<tr>\n<td>\n<p style=\"text-align: center;\"><span style=\"font-family: verdana,geneva,sans-serif;\"><span style=\"font-size: 16px;\"><strong>A m\u0171anyag ablak \u00e1rakr\u00f3l \u00e9rdekl\u0151dj\u00f6n el\u00e9rhet\u0151s\u00e9geinken!<\/strong><\/span><\/span><\/p>\n<p style=\"text-align: center;\">\n<p style=\"text-align: center;\"><span style=\"font-family: verdana,geneva,sans-serif;\"><span style=\"font-size: 16px;\"><strong>Az akci\u00f3s m\u0171anyag ablakokat keresse az <a href=\"\/akciok\"><em>Akci\u00f3k<\/em><\/a><\/strong><\/span><\/span><span style=\"font-family: verdana,geneva,sans-serif;\"><span style=\"font-size: 16px;\"><strong> men\u00fcpont alatt!<\/strong><\/span><\/span><\/p>\n<p style=\"text-align: center;\"><img loading=\"lazy\" decoding=\"async\" class=\" size-full wp-image-372\" style=\"width: 310px; height: 310px;\" title=\"Gealan S9000\" src=\"https:\/\/www.ablakkarter.hu\/wp-content\/uploads\/2012\/09\/gealan_s9000iq_ablak.jpg\" alt=\"Gealan S9000 iq m\u0171anyag ablakok 3rtg\" width=\"480\" height=\"480\" srcset=\"https:\/\/www.ablakkarter.hu\/wp-content\/uploads\/2012\/09\/gealan_s9000iq_ablak.jpg 480w, https:\/\/www.ablakkarter.hu\/wp-content\/uploads\/2012\/09\/gealan_s9000iq_ablak-300x300.jpg 300w, https:\/\/www.ablakkarter.hu\/wp-content\/uploads\/2012\/09\/gealan_s9000iq_ablak-100x100.jpg 100w, https:\/\/www.ablakkarter.hu\/wp-content\/uploads\/2012\/09\/gealan_s9000iq_ablak-150x150.jpg 150w\" sizes=\"auto, (max-width: 480px) 100vw, 480px\" \/><\/p>\n<\/td>\n<td><img loading=\"lazy\" decoding=\"async\" class=\" size-full wp-image-23\" src=\"https:\/\/www.ablakkarter.hu\/wp-content\/uploads\/2012\/06\/iq_system_gealan_ablak.jpg\" alt=\"m\u0171anyag ablak akci\u00f3 rekl\u00e1m\" width=\"286\" height=\"427\" \/><\/td>\n<\/tr>\n<\/tbody>\n<\/table>\n<\/div>\n<\/div>\n<p style=\"text-align: center;\">\n<p style=\"text-align: center;\">\n","protected":false},"excerpt":{"rendered":"<p style=\"text-align: center;\"><span style=\"font-family:verdana,geneva,sans-serif;\"><strong><span style=\"font-size: 16px;\">GEALAN S 9000IQ k\u00f6z\u00e9pt\u00f6m\u00edt\u00e9ses m\u0171anyag ablakok<\/span><\/strong><\/span><span style=\"font-size:14px;\"><span style=\"font-family: verdana,geneva,sans-serif;\"><strong> <\/strong><\/span><\/span><\/p>\n<p style=\"text-align: center;\"><span style=\"font-size:14px;\"><span style=\"font-family: verdana,geneva,sans-serif;\"><strong>A leg\u00fajabb fejleszt\u00e9s\u0171 N\u00e9metorsz\u00e1gban gy\u00e1rtott Gealan S9000 IQ profilb\u00f3l k\u00e9sz\u00fclt m\u0171anyag ablakok bels\u0151 falc\u00e1ban tal\u00e1lhat\u00f3 flexibilis k\u00f6z\u00e9pt\u00f6m\u00edt\u00e9s jelent\u0151sen hozz\u00e1j\u00e1rul az ablak h\u0151szigetel\u00e9si \u00e9rt\u00e9k\u00e9nek jav\u00edt\u00e1s\u00e1hoz. <\/strong><\/span><\/span><\/p>\n<p style=\"text-align: center;\"><span style=\"font-size:14px;\"><span style=\"font-family: verdana,geneva,sans-serif;\"><strong>A k\u00f6z\u00e9pt\u00f6m\u00edt\u00e9s v\u00e9di a vasalati elemeket a nedvess\u00e9gt\u0151l, \u00e9s m\u00e9g t\u00f6k\u00e9letesebb z\u00e1r\u00e1st biztos\u00edt. <\/strong><\/span><\/span><\/p>\n<table border=\"1\" cellpadding=\"1\" cellspacing=\"1\" style=\"width: 720px;\">\n<tbody>\n<tr>\n<td>\n<div class=\"right_col\">\n<div class=\"box\">\n<ul>\n<li><span style=\"font-family:verdana,geneva,sans-serif;\"><strong><span style=\"font-size: 14px;\">N\u00e9met profil<\/span><\/strong><\/span><\/li>\n<li><span style=\"font-family:verdana,geneva,sans-serif;\"><strong><span style=\"font-size: 14px;\">6 l\u00e9gkamra tokban \u00e9s sz\u00e1rnyban egyar\u00e1nt<\/span><\/strong><\/span><\/li>\n<li><span style=\"font-family:verdana,geneva,sans-serif;\"><strong><span style=\"font-size: 14px;\">H\u00e1rom r\u00e9teg\u0171 \u00fcveg<\/span><\/strong><\/span><\/li>\n<li><span style=\"font-family:verdana,geneva,sans-serif;\"><strong><span style=\"font-size: 14px;\">Megn\u00f6velt \u00fcvegez\u00e9s<\/span><span style=\"font-size:14px;\"> ak\u00e1r 54mm-ig<\/span><\/strong><\/span><\/li>\n<li><strong><span style=\"font-size:14px;\"><span style=\"font-family: verdana,geneva,sans-serif;\">Els\u0151hasznos\u00edt\u00e1s\u00fa PVC ablakprofil<\/span><\/span><\/strong><\/li>\n<li><span style=\"font-family:verdana,geneva,sans-serif;\"><strong><span style=\"font-size: 14px;\">Intelligens k\u00f6z\u00e9pt\u00f6m\u00edt\u00e9ses rendszer<\/span><\/strong><\/span><\/li>\n<li><span style=\"font-family:verdana,geneva,sans-serif;\"><strong><span style=\"font-size: 14px;\">Keskeny profilsz\u00e9less\u00e9g<\/span><\/strong><\/span><\/li>\n<li><span style=\"font-family:verdana,geneva,sans-serif;\"><strong><span style=\"font-size: 14px;\">Eszt\u00e9tikus 15&deg; lejtes\u0171 \u00e9l<\/span><\/strong><\/span><\/li>\n<li><span style=\"font-family:verdana,geneva,sans-serif;\"><strong><span style=\"font-size: 14px;\">Megn\u00f6velt szerkezeti m\u00e9lys\u00e9g: 83mm<\/span><\/strong><\/span><\/li>\n<li><span style=\"font-family:verdana,geneva,sans-serif;\"><strong><span style=\"font-size: 14px;\">Extra j\u00f3 stabilit\u00e1s<\/span><\/strong><\/span><\/li>\n<li><span style=\"font-family:verdana,geneva,sans-serif;\"><strong><span style=\"font-size: 14px;\">Horganyzott ac\u00e9lmerev\u00edt\u00e9s<\/span><\/strong><\/span><\/li>\n<li><span style=\"font-family:verdana,geneva,sans-serif;\"><strong><span style=\"font-size: 14px;\">Kiv\u00e1l\u00f3 h\u0151szigetel\u00e9s Uf = 0,92W\/m2K<\/span><\/strong><\/span><\/li>\n<li><span style=\"font-family:verdana,geneva,sans-serif;\"><strong><span style=\"font-size: 14px;\">Vasalat: ROTO NT (N\u00e9metorsz\u00e1g)<\/span><\/strong><\/span><\/li>\n<li><span style=\"font-family:verdana,geneva,sans-serif;\"><strong><span style=\"font-size: 14px;\">Megfelel\u0151 \u00fcvegez\u00e9ssel PASSZ\u00cdVH\u00c1Z ablak <\/span><\/strong><\/span><\/li>\n<li><span style=\"font-family:verdana,geneva,sans-serif;\"><strong><span style=\"font-size: 14px;\">A leg\u00fajabb GEALAN IKD \u00e9s STV ablaktechnol\u00f3gia <\/span><\/strong><\/span><\/li>\n<\/ul>\n<\/div>\n<\/div>\n<\/td>\n<td><img loading=\"lazy\" decoding=\"async\" class=\" size-full wp-image-357\" alt=\"M\u0171anyag ablak akci\u00f3\" src=\"https:\/\/www.ablakkarter.hu\/wp-content\/uploads\/2012\/09\/gealan_-muanyag_ablak.jpg\" style=\"width: 290px; height: 274px; border-width: 2px; border-style: solid;\" width=\"667\" height=\"695\" srcset=\"https:\/\/www.ablakkarter.hu\/wp-content\/uploads\/2012\/09\/gealan_-muanyag_ablak.jpg 667w, https:\/\/www.ablakkarter.hu\/wp-content\/uploads\/2012\/09\/gealan_-muanyag_ablak-600x625.jpg 600w, https:\/\/www.ablakkarter.hu\/wp-content\/uploads\/2012\/09\/gealan_-muanyag_ablak-288x300.jpg 288w\" sizes=\"auto, (max-width: 667px) 100vw, 667px\" \/><\/td>\n<\/tr>\n<\/tbody>\n<\/table>\n<table border=\"1\" cellpadding=\"1\" cellspacing=\"1\" style=\"width: 720px;\">\n<tbody>\n<tr>\n<td>\n<p><img loading=\"lazy\" decoding=\"async\" class=\" size-full wp-image-358\" alt=\"Gealan S 9000 IQ STV\" src=\"https:\/\/www.ablakkarter.hu\/wp-content\/uploads\/2012\/09\/Gealan_S_9000.png\" style=\"width: 339px; height: 310px;\" title=\"Gealan S9000\" width=\"391\" height=\"360\" srcset=\"https:\/\/www.ablakkarter.hu\/wp-content\/uploads\/2012\/09\/Gealan_S_9000.png 391w, https:\/\/www.ablakkarter.hu\/wp-content\/uploads\/2012\/09\/Gealan_S_9000-300x276.png 300w\" sizes=\"auto, (max-width: 391px) 100vw, 391px\" \/><\/p>\n<p><img loading=\"lazy\" decoding=\"async\" class=\" size-full wp-image-359\" alt=\"\" height=\"145\" src=\"https:\/\/www.ablakkarter.hu\/wp-content\/uploads\/2012\/09\/muanyag_ablak_stv.jpg\" width=\"337\" srcset=\"https:\/\/www.ablakkarter.hu\/wp-content\/uploads\/2012\/09\/muanyag_ablak_stv.jpg 752w, https:\/\/www.ablakkarter.hu\/wp-content\/uploads\/2012\/09\/muanyag_ablak_stv-600x260.jpg 600w, https:\/\/www.ablakkarter.hu\/wp-content\/uploads\/2012\/09\/muanyag_ablak_stv-300x130.jpg 300w\" sizes=\"auto, (max-width: 337px) 100vw, 337px\" \/><\/p>\n<\/td>\n<td>\n<h2 style=\"text-align: center;\"><span style=\"font-size:18px;\"><em><strong>A GEALAN&nbsp; STV<\/strong><\/em><strong class=\"sup\">&reg;<\/strong><em><strong> technol\u00f3gia<\/strong><\/em><\/span><\/h2>\n<h3 style=\"text-align: center;\"><span style=\"font-size:18px;\"><span style=\"font-size:16px;\"><strong>M\u00e9g jobb statika, m\u00e9g nagyobb ablak m\u00e9retek!<\/strong><\/span><\/span><\/h3>\n<p style=\"text-align: center;\"><span style=\"font-size:16px;\"><span style=\"font-family: verdana,geneva,sans-serif;\"><strong>Mit jelent a Gealan STV<strong class=\"sup\">&reg; technol\u00f3gia?<\/strong><\/strong><\/span><\/span><\/p>\n<h3 style=\"text-align: center;\"><span style=\"font-size:18px;\"><strong>STV<strong class=\"sup\">&reg;<\/strong>&nbsp;&nbsp; Statikai sz\u00e1raz \u00fcvegez\u00e9s<\/strong><\/span><\/h3>\n<ul>\n<li><span style=\"font-family:verdana,geneva,sans-serif;\"><strong><span style=\"font-size: 14px;\">A GEALAN STV<strong class=\"sup\">&reg;<\/strong> <\/span><\/strong><span style=\"font-size: 14px;\">ragaszt\u00e1si technol\u00f3gia az \u00fcveg \u00e9s a sz\u00e1rnyprofil speci\u00e1lis ragaszt\u00f3szalaggal t\u00f6rt\u00e9n\u0151 \u00f6sszeragaszt\u00e1s\u00e1t jelenti. <\/span><\/span><\/li>\n<li><span style=\"font-family:verdana,geneva,sans-serif;\"><span style=\"font-size: 14px;\">Az ablakgy\u00e1rt\u00e1s sor\u00e1n az ablak\u00fcveg ablaksz\u00e1rnnyal t\u00f6rt\u00e9n\u0151 \u00f6sszeragaszt\u00e1s\u00e1val az \u00fcveg \u00e1tadja merevs\u00e9g\u00e9t a sz\u00e1rnynak, \u00e9s ez\u00e1ltal sokkal stabilabb\u00e1 v\u00e1lik az eg\u00e9sz ablakszerkezet. <\/span><\/span><\/li>\n<li><span style=\"font-family:verdana,geneva,sans-serif;\"><span style=\"font-size: 14px;\"><span style=\"font-size: 14px;\"><strong>A <span style=\"font-family:verdana,geneva,sans-serif;\">m\u0171anyag ablakok a <\/span>GEALAN STV<strong class=\"sup\">&reg;<\/strong><\/strong> ragasztott \u00fcveg technol\u00f3gi\u00e1val<\/span><\/span> kombin\u00e1lva sokkal nagyobb m\u00e9retekben gy\u00e1rthat\u00f3k mint ami id\u00e1ig elk\u00e9pzelhet\u0151 volt .<\/span><\/li>\n<li><span style=\"font-family:verdana,geneva,sans-serif;\"><span style=\"font-size: 14px;\"><strong>A GEALAN STV<strong class=\"sup\">&reg;<\/strong><\/strong> technol\u00f3gi\u00e1val az ablakok ak\u00e1r ac\u00e9lmerev\u00edt\u00e9s n\u00e9lk\u00fcl is elk\u00e9sz\u00edthet\u0151k,&nbsp; tov\u00e1bb jav\u00edtva ezzel a term\u00e9kek h\u0151szigetel\u00e9s\u00e9t.<\/span><\/span><\/li>\n<\/ul>\n<\/td>\n<\/tr>\n<\/tbody>\n<\/table>\n<table border=\"1\" cellpadding=\"1\" cellspacing=\"1\" style=\"width: 500px;\">\n<tbody>\n<tr>\n<td>\n<h2 style=\"text-align: center;\"><span style=\"color:#ff0000;\"><span style=\"font-size: 18px;\"><em><strong>A GEALAN&nbsp; IKD<\/strong><\/em><strong class=\"sup\">&reg;<\/strong><em><strong> technol\u00f3gia<\/strong><\/em><\/span><\/span><\/h2>\n<\/td>\n<td rowspan=\"2\"><a href=\"https:\/\/www.ablakkarter.hu\/wp-content\/uploads\/2012\/09\/gealan_ablak_stv_technologia.jpg\" rel=\"lightbox\"><img loading=\"lazy\" decoding=\"async\" class=\" size-full wp-image-360\" alt=\"\" src=\"https:\/\/www.ablakkarter.hu\/wp-content\/uploads\/2012\/09\/gealan_ablak_stv_technologia.jpg\" style=\"width: 231px; height: 278px;\" width=\"501\" height=\"600\" srcset=\"https:\/\/www.ablakkarter.hu\/wp-content\/uploads\/2012\/09\/gealan_ablak_stv_technologia.jpg 501w, https:\/\/www.ablakkarter.hu\/wp-content\/uploads\/2012\/09\/gealan_ablak_stv_technologia-251x300.jpg 251w\" sizes=\"auto, (max-width: 501px) 100vw, 501px\" \/><\/a><\/td>\n<\/tr>\n<tr>\n<td>\n<p style=\"text-align: center;\"><a href=\"https:\/\/www.ablakkarter.hu\/wp-content\/uploads\/2012\/09\/ikd_muanyag-ablak_akcio.jpg\" rel=\"lightbox\"><img loading=\"lazy\" decoding=\"async\" class=\" size-full wp-image-361\" alt=\"IKD m\u0171anyag ablak akci\u00f3\" src=\"https:\/\/www.ablakkarter.hu\/wp-content\/uploads\/2012\/09\/ikd_muanyag-ablak_akcio.jpg\" style=\"width: 477px; height: 169px;\" title=\"IKD m\u0171anyag ablak akci\u00f3\" width=\"1008\" height=\"360\" srcset=\"https:\/\/www.ablakkarter.hu\/wp-content\/uploads\/2012\/09\/ikd_muanyag-ablak_akcio.jpg 1008w, https:\/\/www.ablakkarter.hu\/wp-content\/uploads\/2012\/09\/ikd_muanyag-ablak_akcio-600x214.jpg 600w, https:\/\/www.ablakkarter.hu\/wp-content\/uploads\/2012\/09\/ikd_muanyag-ablak_akcio-300x107.jpg 300w, https:\/\/www.ablakkarter.hu\/wp-content\/uploads\/2012\/09\/ikd_muanyag-ablak_akcio-768x274.jpg 768w\" sizes=\"auto, (max-width: 1008px) 100vw, 1008px\" \/><\/a><\/p>\n<\/td>\n<\/tr>\n<\/tbody>\n<\/table>\n<p><strong><span style=\"font-size:14px;\"><span style=\"font-family: verdana,geneva,sans-serif;\">Katal\u00f3gusok megtekint\u00e9se \u00e9s let\u00f6lt\u00e9se <\/span><\/span><\/strong><span style=\"font-size:14px;\"><span style=\"font-family: verdana,geneva,sans-serif;\">(\u00e9rv\u00e9nyes2013.03.01-t\u0151l)<\/span><\/span><\/p>\n<p><span style=\"font-size:14px;\"><span style=\"font-family: verdana,geneva,sans-serif;\">Megnyit\u00e1s a k\u00e9pre kattintva.<\/span><\/span><\/p>\n<p><span style=\"font-size:14px;\"><span style=\"font-family: verdana,geneva,sans-serif;\">Let\u00f6lt\u00e9shez kattintson jobb gombbal a k\u00e9pre majd <strong>C\u00e9l ment\u00e9se m\u00e1sk\u00e9nt<\/strong>&quot; parancs kiv\u00e1laszt\u00e1sa.<\/span><\/span><\/p>\n<p style=\"text-align: center;\"><a href=\"https:\/\/www.ablakkarter.hu\/wp-content\/uploads\/2012\/09\/Gealan_S_9000_IQ_muanyag_ablak.pdf\"><img loading=\"lazy\" decoding=\"async\" class=\" size-full wp-image-363\" alt=\"\" src=\"https:\/\/www.ablakkarter.hu\/wp-content\/uploads\/2012\/09\/S_9000_IQ_muanyag_ablak.jpg\" style=\"width: 232px; height: 330px;\" title=\"S_9000_IQ m\u0171anyag ablak katal\u00f3gus\" width=\"316\" height=\"449\" srcset=\"https:\/\/www.ablakkarter.hu\/wp-content\/uploads\/2012\/09\/S_9000_IQ_muanyag_ablak.jpg 316w, https:\/\/www.ablakkarter.hu\/wp-content\/uploads\/2012\/09\/S_9000_IQ_muanyag_ablak-211x300.jpg 211w\" sizes=\"auto, (max-width: 316px) 100vw, 316px\" \/><\/a> <a href=\"https:\/\/www.ablakkarter.hu\/wp-content\/uploads\/2012\/09\/gealan_muanyag_ablak_ikd_katalogus.pdf\"><img loading=\"lazy\" decoding=\"async\" class=\" size-full wp-image-365\" alt=\"\" src=\"https:\/\/www.ablakkarter.hu\/wp-content\/uploads\/2012\/09\/muanyag_ablak_ikd_katalogus.jpg\" style=\"width: 254px; height: 330px;\" title=\"m\u0171anyag ablak ikd katalogus\" width=\"325\" height=\"422\" srcset=\"https:\/\/www.ablakkarter.hu\/wp-content\/uploads\/2012\/09\/muanyag_ablak_ikd_katalogus.jpg 325w, https:\/\/www.ablakkarter.hu\/wp-content\/uploads\/2012\/09\/muanyag_ablak_ikd_katalogus-231x300.jpg 231w\" sizes=\"auto, (max-width: 325px) 100vw, 325px\" \/><\/a> <a href=\"https:\/\/www.ablakkarter.hu\/wp-content\/uploads\/2012\/09\/gealan_muanyag_ablak_stv_katalogus.pdf\"><img loading=\"lazy\" decoding=\"async\" class=\" size-full wp-image-367\" alt=\"\" src=\"https:\/\/www.ablakkarter.hu\/wp-content\/uploads\/2012\/09\/muanyag_ablak_stv_katalogus.jpg\" style=\"width: 232px; height: 330px;\" title=\"m\u0171anyag ablak stv katal\u00f3gus\" width=\"316\" height=\"449\" srcset=\"https:\/\/www.ablakkarter.hu\/wp-content\/uploads\/2012\/09\/muanyag_ablak_stv_katalogus.jpg 316w, https:\/\/www.ablakkarter.hu\/wp-content\/uploads\/2012\/09\/muanyag_ablak_stv_katalogus-211x300.jpg 211w\" sizes=\"auto, (max-width: 316px) 100vw, 316px\" \/><\/a><\/p>\n<p style=\"text-align: center;\"><span style=\"font-family:verdana,geneva,sans-serif;\"><strong><span style=\"font-size: 16px;\">A Gealan ablakrendszer kieg\u00e9sz\u00edt\u0151 elemei<\/span><\/strong><\/span><\/p>\n<p style=\"text-align: center;\"><a href=\"https:\/\/www.ablakkarter.hu\/wp-content\/uploads\/2012\/09\/gealan_s9000iq_2rtg.png\" rel=\"lightbox\"><img loading=\"lazy\" decoding=\"async\" class=\" size-full wp-image-368\" alt=\"Gealan S 9000 IQ m\u0171anyag ablak\" src=\"https:\/\/www.ablakkarter.hu\/wp-content\/uploads\/2012\/09\/gealan_s9000iq_2rtg.png\" style=\"width: 180px; height: 180px;\" title=\"Gealan S9000 2 r\u00e9teg\u0171\" width=\"768\" height=\"768\" srcset=\"https:\/\/www.ablakkarter.hu\/wp-content\/uploads\/2012\/09\/gealan_s9000iq_2rtg.png 768w, https:\/\/www.ablakkarter.hu\/wp-content\/uploads\/2012\/09\/gealan_s9000iq_2rtg-300x300.png 300w, https:\/\/www.ablakkarter.hu\/wp-content\/uploads\/2012\/09\/gealan_s9000iq_2rtg-100x100.png 100w, https:\/\/www.ablakkarter.hu\/wp-content\/uploads\/2012\/09\/gealan_s9000iq_2rtg-600x600.png 600w, https:\/\/www.ablakkarter.hu\/wp-content\/uploads\/2012\/09\/gealan_s9000iq_2rtg-150x150.png 150w\" sizes=\"auto, (max-width: 768px) 100vw, 768px\" \/><\/a> <a href=\"https:\/\/www.ablakkarter.hu\/wp-content\/uploads\/2012\/09\/gealan_s9000iq_3rtg.png\" rel=\"lightbox\"><img loading=\"lazy\" decoding=\"async\" class=\" size-full wp-image-369\" alt=\"Gealan S9000 IQ m\u0171anyag ablak h\u00e1rom r\u00e9teg\u0171 \u00fcveg\" src=\"https:\/\/www.ablakkarter.hu\/wp-content\/uploads\/2012\/09\/gealan_s9000iq_3rtg.png\" style=\"width: 180px; height: 180px;\" title=\"Gealan S9000 3 r\u00e9teg\u0171\" width=\"768\" height=\"768\" srcset=\"https:\/\/www.ablakkarter.hu\/wp-content\/uploads\/2012\/09\/gealan_s9000iq_3rtg.png 768w, https:\/\/www.ablakkarter.hu\/wp-content\/uploads\/2012\/09\/gealan_s9000iq_3rtg-300x300.png 300w, https:\/\/www.ablakkarter.hu\/wp-content\/uploads\/2012\/09\/gealan_s9000iq_3rtg-100x100.png 100w, https:\/\/www.ablakkarter.hu\/wp-content\/uploads\/2012\/09\/gealan_s9000iq_3rtg-600x600.png 600w, https:\/\/www.ablakkarter.hu\/wp-content\/uploads\/2012\/09\/gealan_s9000iq_3rtg-150x150.png 150w\" sizes=\"auto, (max-width: 768px) 100vw, 768px\" \/><\/a> <a href=\"https:\/\/www.ablakkarter.hu\/wp-content\/uploads\/2012\/09\/csosorolo.png\" rel=\"lightbox\"><img loading=\"lazy\" decoding=\"async\" class=\" size-full wp-image-370\" alt=\"Cs\u0151sorol\u00f3 m\u0171anyag ablakhoz\" src=\"https:\/\/www.ablakkarter.hu\/wp-content\/uploads\/2012\/09\/csosorolo.png\" style=\"width: 180px; height: 180px;\" title=\"Cs\u0151sorol\u00f3\" width=\"768\" height=\"768\" srcset=\"https:\/\/www.ablakkarter.hu\/wp-content\/uploads\/2012\/09\/csosorolo.png 768w, https:\/\/www.ablakkarter.hu\/wp-content\/uploads\/2012\/09\/csosorolo-300x300.png 300w, https:\/\/www.ablakkarter.hu\/wp-content\/uploads\/2012\/09\/csosorolo-100x100.png 100w, https:\/\/www.ablakkarter.hu\/wp-content\/uploads\/2012\/09\/csosorolo-600x600.png 600w, https:\/\/www.ablakkarter.hu\/wp-content\/uploads\/2012\/09\/csosorolo-150x150.png 150w\" sizes=\"auto, (max-width: 768px) 100vw, 768px\" \/><\/a> <a href=\"https:\/\/www.ablakkarter.hu\/wp-content\/uploads\/2012\/09\/statikai_sorolo_gealan.png\" rel=\"lightbox\"><img loading=\"lazy\" decoding=\"async\" class=\" size-full wp-image-371\" alt=\"Statikai sorol\u00f3, Gealan m\u0171anyag ablakhoz\" src=\"https:\/\/www.ablakkarter.hu\/wp-content\/uploads\/2012\/09\/statikai_sorolo_gealan.png\" style=\"width: 180px; height: 180px;\" title=\"Statikai sorol\u00f3\" width=\"768\" height=\"768\" srcset=\"https:\/\/www.ablakkarter.hu\/wp-content\/uploads\/2012\/09\/statikai_sorolo_gealan.png 768w, https:\/\/www.ablakkarter.hu\/wp-content\/uploads\/2012\/09\/statikai_sorolo_gealan-300x300.png 300w, https:\/\/www.ablakkarter.hu\/wp-content\/uploads\/2012\/09\/statikai_sorolo_gealan-100x100.png 100w, https:\/\/www.ablakkarter.hu\/wp-content\/uploads\/2012\/09\/statikai_sorolo_gealan-600x600.png 600w, https:\/\/www.ablakkarter.hu\/wp-content\/uploads\/2012\/09\/statikai_sorolo_gealan-150x150.png 150w\" sizes=\"auto, (max-width: 768px) 100vw, 768px\" \/><\/a><\/p>\n<div class=\"right_col\">\n<div class=\"box\">\n<table border=\"1\" cellpadding=\"1\" cellspacing=\"1\" style=\"width: 740px;\">\n<tbody>\n<tr>\n<td>\n<p style=\"text-align: center;\"><span style=\"font-family:verdana,geneva,sans-serif;\"><span style=\"font-size: 16px;\"><strong>A m\u0171anyag ablak \u00e1rakr\u00f3l \u00e9rdekl\u0151dj\u00f6n el\u00e9rhet\u0151s\u00e9geinken!<\/strong><\/span><\/span><\/p>\n<p style=\"text-align: center;\">&nbsp;<\/p>\n<p style=\"text-align: center;\"><span style=\"font-family:verdana,geneva,sans-serif;\"><span style=\"font-size: 16px;\"><strong>Az akci\u00f3s m\u0171anyag ablakokat keresse az <a href=\"\/akciok\"><span style=\"color:#ffff00;\">AKCI\u00d3K<\/span><\/a> men\u00fcpont alatt!<\/strong><\/span><\/span><\/p>\n<p style=\"text-align: center;\"><img loading=\"lazy\" decoding=\"async\" class=\" size-full wp-image-372\" alt=\"Gealan S9000 iq m\u0171anyag ablakok 3rtg\" src=\"https:\/\/www.ablakkarter.hu\/wp-content\/uploads\/2012\/09\/gealan_s9000iq_ablak.jpg\" style=\"width: 310px; height: 310px;\" title=\"Gealan S9000\" width=\"480\" height=\"480\" srcset=\"https:\/\/www.ablakkarter.hu\/wp-content\/uploads\/2012\/09\/gealan_s9000iq_ablak.jpg 480w, https:\/\/www.ablakkarter.hu\/wp-content\/uploads\/2012\/09\/gealan_s9000iq_ablak-300x300.jpg 300w, https:\/\/www.ablakkarter.hu\/wp-content\/uploads\/2012\/09\/gealan_s9000iq_ablak-100x100.jpg 100w, https:\/\/www.ablakkarter.hu\/wp-content\/uploads\/2012\/09\/gealan_s9000iq_ablak-150x150.jpg 150w\" sizes=\"auto, (max-width: 480px) 100vw, 480px\" \/><\/p>\n<\/td>\n<td>\n<p>&nbsp;<\/p>\n<p><img loading=\"lazy\" decoding=\"async\" class=\" size-full wp-image-23\" alt=\"m\u0171anyag ablak akci\u00f3 rekl\u00e1m\" height=\"427\" src=\"https:\/\/www.ablakkarter.hu\/wp-content\/uploads\/2012\/06\/iq_system_gealan_ablak.jpg\" width=\"286\" \/><\/p>\n<\/td>\n<\/tr>\n<\/tbody>\n<\/table>\n<\/div>\n<\/div>\n<p style=\"text-align: center;\">&nbsp;<\/p>\n<h2 class=\"art-postheader\"><a href=\"\/inoutic-prestige-muanyag-ablak\"><span style=\"color:#ffd700;\">Tov\u00e1bb az Inoutic Prestige m\u0171anyag ablak oldalra<\/span><\/a><\/h2>\n<p style=\"text-align: center;\">&nbsp;<\/p>\n","protected":false},"author":1,"featured_media":357,"parent":0,"menu_order":0,"comment_status":"closed","ping_status":"closed","template":"","meta":{"footnotes":""},"class_list":["post-373","page","type-page","status-publish","has-post-thumbnail","hentry"],"_links":{"self":[{"href":"https:\/\/www.ablakkarter.hu\/index.php?rest_route=\/wp\/v2\/pages\/373","targetHints":{"allow":["GET"]}}],"collection":[{"href":"https:\/\/www.ablakkarter.hu\/index.php?rest_route=\/wp\/v2\/pages"}],"about":[{"href":"https:\/\/www.ablakkarter.hu\/index.php?rest_route=\/wp\/v2\/types\/page"}],"author":[{"embeddable":true,"href":"https:\/\/www.ablakkarter.hu\/index.php?rest_route=\/wp\/v2\/users\/1"}],"replies":[{"embeddable":true,"href":"https:\/\/www.ablakkarter.hu\/index.php?rest_route=%2Fwp%2Fv2%2Fcomments&post=373"}],"version-history":[{"count":4,"href":"https:\/\/www.ablakkarter.hu\/index.php?rest_route=\/wp\/v2\/pages\/373\/revisions"}],"predecessor-version":[{"id":1370,"href":"https:\/\/www.ablakkarter.hu\/index.php?rest_route=\/wp\/v2\/pages\/373\/revisions\/1370"}],"wp:featuredmedia":[{"embeddable":true,"href":"https:\/\/www.ablakkarter.hu\/index.php?rest_route=\/wp\/v2\/media\/357"}],"wp:attachment":[{"href":"https:\/\/www.ablakkarter.hu\/index.php?rest_route=%2Fwp%2Fv2%2Fmedia&parent=373"}],"curies":[{"name":"wp","href":"https:\/\/api.w.org\/{rel}","templated":true}]}}